{"id":4597,"date":"2023-10-05T16:53:45","date_gmt":"2023-10-05T16:53:45","guid":{"rendered":"https:\/\/www.bedandbreakfastlanzarote.es\/la-maison\/"},"modified":"2024-01-14T01:48:18","modified_gmt":"2024-01-14T01:48:18","slug":"la-maison","status":"publish","type":"page","link":"https:\/\/www.bedandbreakfastlanzarote.es\/fr\/la-maison\/","title":{"rendered":"La Maison"},"content":{"rendered":"<p>[et_pb_section fb_built=\u00a0\u00bb1&Prime; make_equal=\u00a0\u00bbon\u00a0\u00bb specialty=\u00a0\u00bbon\u00a0\u00bb padding_top_1=\u00a0\u00bb8vw\u00a0\u00bb padding_top_2=\u00a0\u00bb0px\u00a0\u00bb padding_bottom_1=\u00a0\u00bb60px\u00a0\u00bb padding_bottom_2=\u00a0\u00bb0px\u00a0\u00bb padding_top_bottom_link_1=\u00a0\u00bbfalse\u00a0\u00bb padding_top_bottom_link_2=\u00a0\u00bbfalse\u00a0\u00bb padding_left_right_link_1=\u00a0\u00bbfalse\u00a0\u00bb padding_left_right_link_2=\u00a0\u00bbfalse\u00a0\u00bb padding_1_tablet=\u00a0\u00bb||0px||false|false\u00a0\u00bb padding_1_phone=\u00a0\u00bb||0px||false|false\u00a0\u00bb padding_1_last_edited=\u00a0\u00bbon|tablet\u00a0\u00bb admin_label=\u00a0\u00bbHeader\u00a0\u00bb _builder_version=\u00a0\u00bb4.20.0&Prime; _module_preset=\u00a0\u00bbdefault\u00a0\u00bb background_color=\u00a0\u00bb#FFFFFF\u00a0\u00bb overflow-x=\u00a0\u00bbhidden\u00a0\u00bb overflow-y=\u00a0\u00bbhidden\u00a0\u00bb custom_padding=\u00a0\u00bb0px||0px||false|false\u00a0\u00bb locked=\u00a0\u00bboff\u00a0\u00bb collapsed=\u00a0\u00bboff\u00a0\u00bb global_colors_info=\u00a0\u00bb{}\u00a0\u00bb][et_pb_column type=\u00a0\u00bb2_3&Prime; specialty_columns=\u00a0\u00bb2&Prime; _builder_version=\u00a0\u00bb4.16&Prime; custom_padding=\u00a0\u00bb|||\u00a0\u00bb global_colors_info=\u00a0\u00bb{}\u00a0\u00bb custom_padding__hover=\u00a0\u00bb|||\u00a0\u00bb][et_pb_row_inner _builder_version=\u00a0\u00bb4.19.0&Prime; _module_preset=\u00a0\u00bbdefault\u00a0\u00bb global_colors_info=\u00a0\u00bb{}\u00a0\u00bb][et_pb_column_inner saved_specialty_column_type=\u00a0\u00bb2_3&Prime; _builder_version=\u00a0\u00bb4.19.0&Prime; _module_preset=\u00a0\u00bbdefault\u00a0\u00bb global_colors_info=\u00a0\u00bb{}\u00a0\u00bb][et_pb_divider color=\u00a0\u00bbgcid-14288038-400c-45a9-8d7d-5fe611f009c6&Prime; divider_position=\u00a0\u00bbcenter\u00a0\u00bb _builder_version=\u00a0\u00bb4.22.2&Prime; _module_preset=\u00a0\u00bbdefault\u00a0\u00bb locked=\u00a0\u00bboff\u00a0\u00bb global_colors_info=\u00a0\u00bb{%22gcid-14288038-400c-45a9-8d7d-5fe611f009c6%22:%91%22color%22%93}\u00a0\u00bb][\/et_pb_divider][et_pb_text _builder_version=\u00a0\u00bb4.22.2&Prime; _module_preset=\u00a0\u00bbe6504a1b-67eb-4b3d-b023-bcab277610b6&Prime; header_font=\u00a0\u00bbTenor Sans|700||on|||||\u00a0\u00bb header_text_color=\u00a0\u00bbgcid-305d92cf-a923-4e59-9a36-c9893b05808b\u00a0\u00bb header_font_size=\u00a0\u00bb20px\u00a0\u00bb header_4_font=\u00a0\u00bb|700||on|||||\u00a0\u00bb header_4_text_color=\u00a0\u00bbgcid-305d92cf-a923-4e59-9a36-c9893b05808b\u00a0\u00bb header_4_font_size=\u00a0\u00bb14px\u00a0\u00bb header_4_letter_spacing=\u00a0\u00bb1px\u00a0\u00bb header_4_line_height=\u00a0\u00bb1.4em\u00a0\u00bb background_color=\u00a0\u00bb#FFFFFF\u00a0\u00bb positioning=\u00a0\u00bbabsolute\u00a0\u00bb z_index=\u00a0\u00bb10&Prime; custom_margin=\u00a0\u00bb||0px||false|false\u00a0\u00bb custom_padding=\u00a0\u00bb|30px|||false|false\u00a0\u00bb hover_enabled=\u00a0\u00bb0&Prime; locked=\u00a0\u00bboff\u00a0\u00bb global_colors_info=\u00a0\u00bb{%22gcid-305d92cf-a923-4e59-9a36-c9893b05808b%22:%91%22header_4_text_color%22,%22header_text_color%22%93}\u00a0\u00bb sticky_enabled=\u00a0\u00bb0&Prime;]<\/p>\n<h1>Villa el Jable<\/h1>\n<p>[\/et_pb_text][et_pb_text content_tablet=\u00a0\u00bb<\/p>\n<h2>Villa El Jable Lanzarote, maison de vacances et Bed and Breakfast (B&amp;B) situ\u00e9e dans un tr\u00e8s paisible petit village \u00e0 seulement 6 km de Famara.<\/h2>\n<p>\u00a0\u00bb content_phone=\u00a0\u00bb<\/p>\n<h2>Maison de vacances<br \/>et Bed and Breakfast (B&amp;B) situ\u00e9e a Mu\u00f1ique,<br \/>petit village<br \/>\u00e0 seulement 6 km<br \/>de Famara.<\/h2>\n<p>\u00a0\u00bb content_last_edited=\u00a0\u00bbon|phone\u00a0\u00bb _builder_version=\u00a0\u00bb4.22.2&Prime; _module_preset=\u00a0\u00bbc16985e1-e0d6-4022-964d-e2bfc04fa633&Prime; header_font=\u00a0\u00bb||||||||\u00a0\u00bb header_text_color=\u00a0\u00bbgcid-14288038-400c-45a9-8d7d-5fe611f009c6&Prime; header_font_size=\u00a0\u00bb40px\u00a0\u00bb header_line_height=\u00a0\u00bb1.2em\u00a0\u00bb header_2_font=\u00a0\u00bb||||||||\u00a0\u00bb header_2_font_size=\u00a0\u00bb35px\u00a0\u00bb header_2_line_height=\u00a0\u00bb1.2em\u00a0\u00bb header_font_size_tablet=\u00a0\u00bb40px\u00a0\u00bb header_font_size_phone=\u00a0\u00bb24px\u00a0\u00bb header_font_size_last_edited=\u00a0\u00bbon|desktop\u00a0\u00bb header_2_font_size_tablet=\u00a0\u00bb35px\u00a0\u00bb header_2_font_size_phone=\u00a0\u00bb25px\u00a0\u00bb header_2_font_size_last_edited=\u00a0\u00bbon|phone\u00a0\u00bb text_orientation_tablet=\u00a0\u00bbcenter\u00a0\u00bb text_orientation_phone=\u00a0\u00bbcenter\u00a0\u00bb text_orientation_last_edited=\u00a0\u00bbon|tablet\u00a0\u00bb global_colors_info=\u00a0\u00bb{%22gcid-14288038-400c-45a9-8d7d-5fe611f009c6%22:%91%22header_text_color%22%93}\u00a0\u00bb]<\/p>\n<h2>Villa El Jable Lanzarote, maison de vacances et Bed and Breakfast (B&amp;B) situ\u00e9e dans un tr\u00e8s paisible petit village \u00e0 seulement 6 km de Famara.<\/h2>\n<p>[\/et_pb_text][\/et_pb_column_inner][\/et_pb_row_inner][et_pb_row_inner column_structure=\u00a0\u00bb1_2,1_2&Prime; _builder_version=\u00a0\u00bb4.19.0&Prime; _module_preset=\u00a0\u00bbdefault\u00a0\u00bb global_colors_info=\u00a0\u00bb{}\u00a0\u00bb][et_pb_column_inner type=\u00a0\u00bb1_2&Prime; saved_specialty_column_type=\u00a0\u00bb2_3&Prime; _builder_version=\u00a0\u00bb4.19.0&Prime; _module_preset=\u00a0\u00bbdefault\u00a0\u00bb global_colors_info=\u00a0\u00bb{}\u00a0\u00bb][et_pb_image src=\u00a0\u00bbhttps:\/\/www.bedandbreakfastlanzarote.es\/wp-content\/uploads\/2023\/10\/lanzarote-bb-famara-jable.webp\u00a0\u00bb title_text=\u00a0\u00bblanzarote-bb-famara-jable\u00a0\u00bb align_tablet=\u00a0\u00bbcenter\u00a0\u00bb align_phone=\u00a0\u00bbcenter\u00a0\u00bb align_last_edited=\u00a0\u00bbon|tablet\u00a0\u00bb _builder_version=\u00a0\u00bb4.20.0&Prime; _module_preset=\u00a0\u00bbdefault\u00a0\u00bb max_height_tablet=\u00a0\u00bb400px\u00a0\u00bb max_height_phone=\u00a0\u00bb400px\u00a0\u00bb max_height_last_edited=\u00a0\u00bbon|tablet\u00a0\u00bb border_radii=\u00a0\u00bbon|500px|500px|500px|500px\u00a0\u00bb global_colors_info=\u00a0\u00bb{}\u00a0\u00bb][\/et_pb_image][\/et_pb_column_inner][et_pb_column_inner type=\u00a0\u00bb1_2&Prime; saved_specialty_column_type=\u00a0\u00bb2_3&Prime; _builder_version=\u00a0\u00bb4.19.0&Prime; _module_preset=\u00a0\u00bbdefault\u00a0\u00bb global_colors_info=\u00a0\u00bb{}\u00a0\u00bb][et_pb_text _builder_version=\u00a0\u00bb4.22.2&Prime; _module_preset=\u00a0\u00bb1f09816e-184e-4ce5-a4cf-b39c52c423ca\u00a0\u00bb text_font_size=\u00a0\u00bb21px\u00a0\u00bb text_line_height=\u00a0\u00bb1.6em\u00a0\u00bb text_font_size_tablet=\u00a0\u00bb20px\u00a0\u00bb text_font_size_phone=\u00a0\u00bb20px\u00a0\u00bb text_font_size_last_edited=\u00a0\u00bbon|desktop\u00a0\u00bb text_line_height_tablet=\u00a0\u00bb1.6em\u00a0\u00bb text_line_height_phone=\u00a0\u00bb1.5em\u00a0\u00bb text_line_height_last_edited=\u00a0\u00bbon|phone\u00a0\u00bb header_font_size_tablet=\u00a0\u00bb55px\u00a0\u00bb header_font_size_last_edited=\u00a0\u00bboff|desktop\u00a0\u00bb text_orientation_tablet=\u00a0\u00bbcenter\u00a0\u00bb text_orientation_phone=\u00a0\u00bbcenter\u00a0\u00bb text_orientation_last_edited=\u00a0\u00bbon|tablet\u00a0\u00bb global_colors_info=\u00a0\u00bb{}\u00a0\u00bb]<\/p>\n<p>La <strong>Villa El Jable<\/strong> en <strong>Lanzarote<\/strong> est une maison typiquement canarienne \u00e0 un seul \u00e9tage dans une parcelle de terrain de 1290 mq<br \/>Gr\u00e2ce \u00e0 sa position privil\u00e9gi\u00e9e les chambres et le salon sont \u00e0 l\u2019abri du vent<br \/>\u00c0 l\u2019ext\u00e9rieur , de la grande terrasse o\u00f9 nos h\u00f4tes prennent habituellement le petit-d\u00e9jeuner, le d\u00e9jeuner ou le d\u00eener, on peut admirer des<strong>vues spectaculaires de la mer et du Risco de Famara<\/strong><br \/>Notre maison de vacances et Bed and Breakfast (B&amp;B) \u00e0 Lanzarote dispose aussi d\u2019un grand patio ext\u00e9rieur avec un four \u00e0 bois, d\u2019une piste de bowling, d\u2019une petite cave \u00e0 c\u00f4t\u00e9 de l\u2019aljibe (un typique r\u00e9servoir d\u2019eau) et de jardins.<\/p>\n<p>[\/et_pb_text][\/et_pb_column_inner][\/et_pb_row_inner][\/et_pb_column][et_pb_column type=\u00a0\u00bb1_3&Prime; _builder_version=\u00a0\u00bb4.16&Prime; custom_padding=\u00a0\u00bb|||\u00a0\u00bb global_colors_info=\u00a0\u00bb{}\u00a0\u00bb custom_padding__hover=\u00a0\u00bb|||\u00a0\u00bb][et_pb_divider show_divider=\u00a0\u00bboff\u00a0\u00bb admin_label=\u00a0\u00bbDivider\u00a0\u00bb _builder_version=\u00a0\u00bb4.20.0&Prime; _module_preset=\u00a0\u00bbdefault\u00a0\u00bb background_color=\u00a0\u00bbRGBA(255,255,255,0)\u00a0\u00bb positioning=\u00a0\u00bbabsolute\u00a0\u00bb position_origin_a=\u00a0\u00bbbottom_left\u00a0\u00bb width=\u00a0\u00bb100vw\u00a0\u00bb height_tablet=\u00a0\u00bb0px\u00a0\u00bb height_phone=\u00a0\u00bb0px\u00a0\u00bb height_last_edited=\u00a0\u00bbon|desktop\u00a0\u00bb custom_margin=\u00a0\u00bb||||false|false\u00a0\u00bb locked=\u00a0\u00bboff\u00a0\u00bb global_colors_info=\u00a0\u00bb{}\u00a0\u00bb][\/et_pb_divider][et_pb_image src=\u00a0\u00bbhttps:\/\/www.bedandbreakfastlanzarote.es\/wp-content\/uploads\/2023\/10\/lanzarote-bb-famara.webp\u00a0\u00bb title_text=\u00a0\u00bblanzarote-bb-famara\u00a0\u00bb align_tablet=\u00a0\u00bbcenter\u00a0\u00bb align_phone=\u00a0\u00bbright\u00a0\u00bb align_last_edited=\u00a0\u00bbon|tablet\u00a0\u00bb _builder_version=\u00a0\u00bb4.20.0&Prime; _module_preset=\u00a0\u00bbdefault\u00a0\u00bb max_height_phone=\u00a0\u00bb400px\u00a0\u00bb max_height_last_edited=\u00a0\u00bboff|desktop\u00a0\u00bb custom_margin=\u00a0\u00bb|-30vw|||false|false\u00a0\u00bb custom_margin_tablet=\u00a0\u00bb|0vw|||false|false\u00a0\u00bb custom_margin_phone=\u00a0\u00bb|0vw|||false|false\u00a0\u00bb custom_margin_last_edited=\u00a0\u00bbon|tablet\u00a0\u00bb global_colors_info=\u00a0\u00bb{}\u00a0\u00bb][\/et_pb_image][\/et_pb_column][\/et_pb_section][et_pb_section fb_built=\u00a0\u00bb1&Prime; admin_label=\u00a0\u00bbAbout\u00a0\u00bb _builder_version=\u00a0\u00bb4.22.2&Prime; _module_preset=\u00a0\u00bbdefault\u00a0\u00bb background_enable_color=\u00a0\u00bboff\u00a0\u00bb background_image=\u00a0\u00bbhttps:\/\/www.bedandbreakfastlanzarote.es\/wp-content\/uploads\/2023\/10\/Bed-and-Breakfast-Lanzarote-Habitacion-FInca.webp\u00a0\u00bb background_last_edited=\u00a0\u00bbon|tablet\u00a0\u00bb parallax_tablet=\u00a0\u00bboff\u00a0\u00bb background_size_tablet=\u00a0\u00bbcover\u00a0\u00bb background_position_tablet=\u00a0\u00bbbottom_left\u00a0\u00bb background_position_phone=\u00a0\u00bbcenter_left\u00a0\u00bb locked=\u00a0\u00bboff\u00a0\u00bb collapsed=\u00a0\u00bboff\u00a0\u00bb global_colors_info=\u00a0\u00bb{%22gcid-14288038-400c-45a9-8d7d-5fe611f009c6%22:%91%22background_color_gradient_stops%22%93,%22gcid-305d92cf-a923-4e59-9a36-c9893b05808b%22:%91%22background_color_gradient_stops%22%93,%22gcid-2475267f-9381-49d6-9138-9ec3ed4edb2f%22:%91%22background_color_gradient_stops%22%93}\u00a0\u00bb][et_pb_row column_structure=\u00a0\u00bb1_2,1_2&Prime; _builder_version=\u00a0\u00bb4.22.2&Prime; _module_preset=\u00a0\u00bbdefault\u00a0\u00bb custom_margin=\u00a0\u00bb0px||0px||false|false\u00a0\u00bb custom_padding=\u00a0\u00bb0px||0px||false|false\u00a0\u00bb global_colors_info=\u00a0\u00bb{}\u00a0\u00bb][et_pb_column type=\u00a0\u00bb1_2&Prime; _builder_version=\u00a0\u00bb4.22.2&Prime; _module_preset=\u00a0\u00bbdefault\u00a0\u00bb custom_padding=\u00a0\u00bb0px|0px|0px|0px|false|false\u00a0\u00bb global_colors_info=\u00a0\u00bb{}\u00a0\u00bb][et_pb_text content_tablet=\u00a0\u00bb<\/p>\n<p class=%22espacio_grande_titulo_servicios%22 style=%22text-align: left;%22>Dans notre Bed and Breakfast (B&amp;B) \u00e0 Lanzarote nous vous proposons 4 chambres \u00e0 louer, toutes lumineuses et donnantes sur le Parque de El Jable, sur la mer et sur le Risco de Famara.<\/p>\n<p>\u00a0\u00bb content_phone=\u00a0\u00bb<\/p>\n<p class=%22espacio_grande_titulo_servicios%22 style=%22text-align: left;%22>Dans notre Bed and Breakfast (B&amp;B) \u00e0 Lanzarote nous vous proposons 4 chambres \u00e0 louer, toutes lumineuses et donnantes sur le Parque de El Jable, sur la mer et sur le Risco de Famara.<\/p>\n<p>\u00a0\u00bb content_last_edited=\u00a0\u00bbon|tablet\u00a0\u00bb _builder_version=\u00a0\u00bb4.22.2&Prime; _module_preset=\u00a0\u00bbdefault\u00a0\u00bb text_text_color=\u00a0\u00bb#FFFFFF\u00a0\u00bb text_font_size=\u00a0\u00bb25px\u00a0\u00bb text_line_height=\u00a0\u00bb1.3em\u00a0\u00bb background_color=\u00a0\u00bbrgba(95,80,78,0.39)\u00a0\u00bb custom_padding=\u00a0\u00bb60px|60px|60px|60px|true|true\u00a0\u00bb custom_padding_tablet=\u00a0\u00bb60px|60px|60px|60px|true|true\u00a0\u00bb custom_padding_phone=\u00a0\u00bb30px|30px|30px|30px|true|true\u00a0\u00bb custom_padding_last_edited=\u00a0\u00bbon|phone\u00a0\u00bb text_font_tablet=\u00a0\u00bb\u00a0\u00bb text_font_phone=\u00a0\u00bb\u00a0\u00bb text_font_last_edited=\u00a0\u00bbon|tablet\u00a0\u00bb text_text_shadow_style=\u00a0\u00bbpreset3&Prime; global_colors_info=\u00a0\u00bb{}\u00a0\u00bb]<\/p>\n<p class=\"espacio_grande_titulo_servicios\" style=\"text-align: left;\">Dans notre Bed and Breakfast (B&amp;B) \u00e0 Lanzarote nous vous proposons 4 chambres \u00e0 louer, toutes lumineuses et donnantes sur le Parque de El Jable, sur la mer et sur le Risco de Famara.<\/p>\n<p>[\/et_pb_text][\/et_pb_column][et_pb_column type=\u00a0\u00bb1_2&Prime; _builder_version=\u00a0\u00bb4.22.2&Prime; _module_preset=\u00a0\u00bbdefault\u00a0\u00bb background_color=\u00a0\u00bb#FFFFFF\u00a0\u00bb custom_padding=\u00a0\u00bb60px|60px|60px|60px|true|true\u00a0\u00bb custom_padding_tablet=\u00a0\u00bb30px|30px|30px|30px|true|true\u00a0\u00bb custom_padding_phone=\u00a0\u00bb20px|20px|20px|20px|true|true\u00a0\u00bb custom_padding_last_edited=\u00a0\u00bbon|desktop\u00a0\u00bb global_colors_info=\u00a0\u00bb{%22gcid-1ebd227f-17a6-4b4b-aae3-34bdf343cf9f%22:%91%22background_color__hover%22%93}\u00a0\u00bb background__hover_enabled=\u00a0\u00bbon|desktop\u00a0\u00bb][et_pb_text _builder_version=\u00a0\u00bb4.22.2&Prime; _module_preset=\u00a0\u00bb1f09816e-184e-4ce5-a4cf-b39c52c423ca\u00a0\u00bb text_text_color=\u00a0\u00bbgcid-14288038-400c-45a9-8d7d-5fe611f009c6&Prime; text_font_size=\u00a0\u00bb19px\u00a0\u00bb text_line_height=\u00a0\u00bb1.5em\u00a0\u00bb text_font_size_tablet=\u00a0\u00bb20px\u00a0\u00bb text_font_size_phone=\u00a0\u00bb20px\u00a0\u00bb text_font_size_last_edited=\u00a0\u00bbon|desktop\u00a0\u00bb text_orientation_tablet=\u00a0\u00bbcenter\u00a0\u00bb text_orientation_phone=\u00a0\u00bbcenter\u00a0\u00bb text_orientation_last_edited=\u00a0\u00bbon|tablet\u00a0\u00bb global_colors_info=\u00a0\u00bb{%22gcid-14288038-400c-45a9-8d7d-5fe611f009c6%22:%91%22text_text_color%22%93}\u00a0\u00bb]<\/p>\n<p style=\"text-align: justify;\">Villa El Jable Lanzarote a 2 chambres \u00e0 louer avec une salle de bain partag\u00e9e, une chambre avec salle de bain priv\u00e9e et une suite avec une salle de bain priv\u00e9e.<\/p>\n<p style=\"text-align: justify;\">La chambre priv\u00e9e nomm\u00e9e La Chambre <strong>Jaune<\/strong> dispose de deux lits individuels, salle de bain priv\u00e9e, t\u00e9l\u00e9 et placard<br \/>La chambre priv\u00e9e nomm\u00e9e La Chambre <strong>Verte<\/strong> a un lit double, t\u00e9l\u00e9, placard: les deux chambres donnent sur l\u2019Archipelago Archipelago Chinijo et le villages de Soo, de La Santa et de Caleta de Caballo<br \/>La chambre priv\u00e9e nomm\u00e9e La Chambre <strong>Bleue<\/strong> a un lit double, t\u00e9l\u00e9, commode et portemanteau et offre des vues sur les jardins.<br \/>La <strong>Suite<\/strong> \u00e0 louer dans la Villa El Jable est une romantique et privil\u00e9gi\u00e9e chambre avec une salle de bain priv\u00e9e. Elle dispose de un lit double , d\u2019une t\u00e9l\u00e9 satellitaire LED 44 pouces , d\u2019un grand placard et d\u2019une fen\u00eatre tr\u00e8s particuli\u00e8re, connue par les insulaires comme \u201cfen\u00eatre pour tomber amoureux\u201c, parce que \u00e0 c\u00f4t\u00e9 d\u2019elle la fille \u00e9tait assise \u00e0 l\u2019int\u00e9rieur pendant que son pr\u00e9tendant attendait \u00e0 l\u2019ext\u00e9rieur et regardait \u00e0 travers la vitre.<br \/>Cette chambre \u00e0 louer est parfaite pour une s\u00e9jour familial, puisque son coin secret offre une chambre \u00e0 coucher avec un lit gigogne pour deux personnes.<br \/>Les deux pi\u00e8ces ont vues du Risco de Famara et des jardins de notre maison de vacances et Bed and Breakfast (B&amp;B) \u00e0 Lanzarote.<\/p>\n<p>[\/et_pb_text][\/et_pb_column][\/et_pb_row][\/et_pb_section][et_pb_section fb_built=\u00a0\u00bb1&Prime; admin_label=\u00a0\u00bbFeatures\u00a0\u00bb _builder_version=\u00a0\u00bb4.19.5&Prime; _module_preset=\u00a0\u00bbdefault\u00a0\u00bb background_color=\u00a0\u00bbgcid-f22ce391-07f1-4ce8-a74b-7c09c799a54e\u00a0\u00bb custom_margin=\u00a0\u00bb0px||||false|false\u00a0\u00bb custom_padding=\u00a0\u00bb0px||0px||false|false\u00a0\u00bb locked=\u00a0\u00bboff\u00a0\u00bb collapsed=\u00a0\u00bbon\u00a0\u00bb global_colors_info=\u00a0\u00bb{%22gcid-f22ce391-07f1-4ce8-a74b-7c09c799a54e%22:%91%22background_color%22%93}\u00a0\u00bb][et_pb_row column_structure=\u00a0\u00bb1_3,1_3,1_3&Prime; use_custom_gutter=\u00a0\u00bbon\u00a0\u00bb gutter_width=\u00a0\u00bb1&Prime; _builder_version=\u00a0\u00bb4.22.2&Prime; _module_preset=\u00a0\u00bbdefault\u00a0\u00bb width=\u00a0\u00bb100%\u00a0\u00bb max_width=\u00a0\u00bb100%\u00a0\u00bb custom_padding=\u00a0\u00bb0px|0px|0px||false|false\u00a0\u00bb global_colors_info=\u00a0\u00bb{}\u00a0\u00bb][et_pb_column type=\u00a0\u00bb1_3&Prime; _builder_version=\u00a0\u00bb4.22.2&Prime; _module_preset=\u00a0\u00bbdefault\u00a0\u00bb global_colors_info=\u00a0\u00bb{}\u00a0\u00bb][et_pb_image src=\u00a0\u00bbhttps:\/\/www.bedandbreakfastlanzarote.es\/wp-content\/uploads\/2023\/10\/BB-FInca-Lanzarote-Terraza-Villa-el-Jable-llaves.webp\u00a0\u00bb title_text=\u00a0\u00bbB&amp;B-FInca-Lanzarote-Terraza-Villa-el-Jable-llaves\u00a0\u00bb show_in_lightbox=\u00a0\u00bbon\u00a0\u00bb _builder_version=\u00a0\u00bb4.22.2&Prime; _module_preset=\u00a0\u00bbdefault\u00a0\u00bb global_colors_info=\u00a0\u00bb{}\u00a0\u00bb][\/et_pb_image][\/et_pb_column][et_pb_column type=\u00a0\u00bb1_3&Prime; _builder_version=\u00a0\u00bb4.19.5&Prime; _module_preset=\u00a0\u00bbdefault\u00a0\u00bb global_colors_info=\u00a0\u00bb{}\u00a0\u00bb][et_pb_image src=\u00a0\u00bbhttps:\/\/www.bedandbreakfastlanzarote.es\/wp-content\/uploads\/2023\/10\/BB-FInca-Lanzarote-Villa-el-Jable-llaves.webp\u00a0\u00bb title_text=\u00a0\u00bbB&amp;B-FInca-Lanzarote-Villa-el-Jable-llaves\u00a0\u00bb show_in_lightbox=\u00a0\u00bbon\u00a0\u00bb _builder_version=\u00a0\u00bb4.22.2&Prime; _module_preset=\u00a0\u00bbdefault\u00a0\u00bb global_colors_info=\u00a0\u00bb{}\u00a0\u00bb][\/et_pb_image][\/et_pb_column][et_pb_column type=\u00a0\u00bb1_3&Prime; _builder_version=\u00a0\u00bb4.19.5&Prime; _module_preset=\u00a0\u00bbdefault\u00a0\u00bb global_colors_info=\u00a0\u00bb{}\u00a0\u00bb][et_pb_image src=\u00a0\u00bbhttps:\/\/www.bedandbreakfastlanzarote.es\/wp-content\/uploads\/2023\/10\/FInca-Lanzarote-BB-Villa-el-Jable.webp\u00a0\u00bb title_text=\u00a0\u00bbFInca-Lanzarote-B&amp;B-Villa-el-Jable\u00a0\u00bb show_in_lightbox=\u00a0\u00bbon\u00a0\u00bb _builder_version=\u00a0\u00bb4.22.2&Prime; _module_preset=\u00a0\u00bbdefault\u00a0\u00bb global_colors_info=\u00a0\u00bb{}\u00a0\u00bb][\/et_pb_image][\/et_pb_column][\/et_pb_row][\/et_pb_section][et_pb_section fb_built=\u00a0\u00bb1&Prime; admin_label=\u00a0\u00bbAbout\u00a0\u00bb _builder_version=\u00a0\u00bb4.22.2&Prime; _module_preset=\u00a0\u00bbdefault\u00a0\u00bb background_enable_color=\u00a0\u00bboff\u00a0\u00bb use_background_color_gradient=\u00a0\u00bbon\u00a0\u00bb background_color_gradient_direction=\u00a0\u00bb90deg\u00a0\u00bb background_color_gradient_stops=\u00a0\u00bbrgba(255,255,255,0) 61vw|gcid-14288038-400c-45a9-8d7d-5fe611f009c6 61vw\u00a0\u00bb background_color_gradient_unit=\u00a0\u00bbvw\u00a0\u00bb background_color_gradient_overlays_image=\u00a0\u00bbon\u00a0\u00bb background_image=\u00a0\u00bbhttps:\/\/www.bedandbreakfastlanzarote.es\/wp-content\/uploads\/2023\/10\/BB-FInca-Lanzarote-entrada-Villa-el-Jable-llaves.webp\u00a0\u00bb parallax=\u00a0\u00bbon\u00a0\u00bb parallax_method=\u00a0\u00bboff\u00a0\u00bb locked=\u00a0\u00bboff\u00a0\u00bb collapsed=\u00a0\u00bbon\u00a0\u00bb global_colors_info=\u00a0\u00bb{%22gcid-14288038-400c-45a9-8d7d-5fe611f009c6%22:%91%22background_color_gradient_stops%22,%22background_color_gradient_stops%22%93,%22gcid-305d92cf-a923-4e59-9a36-c9893b05808b%22:%91%22background_color_gradient_stops%22,%22background_color_gradient_stops%22%93,%22gcid-2475267f-9381-49d6-9138-9ec3ed4edb2f%22:%91%22background_color_gradient_stops%22,%22background_color_gradient_stops%22%93}\u00a0\u00bb][et_pb_row column_structure=\u00a0\u00bb1_4,3_4&Prime; _builder_version=\u00a0\u00bb4.20.0&Prime; _module_preset=\u00a0\u00bbdefault\u00a0\u00bb global_colors_info=\u00a0\u00bb{}\u00a0\u00bb][et_pb_column type=\u00a0\u00bb1_4&Prime; _builder_version=\u00a0\u00bb4.19.0&Prime; _module_preset=\u00a0\u00bbdefault\u00a0\u00bb global_colors_info=\u00a0\u00bb{}\u00a0\u00bb][\/et_pb_column][et_pb_column type=\u00a0\u00bb3_4&Prime; _builder_version=\u00a0\u00bb4.20.0&Prime; _module_preset=\u00a0\u00bbdefault\u00a0\u00bb background_color=\u00a0\u00bbgcid-305d92cf-a923-4e59-9a36-c9893b05808b\u00a0\u00bb custom_padding=\u00a0\u00bb60px|60px|60px|60px|true|true\u00a0\u00bb custom_padding_tablet=\u00a0\u00bb30px|30px|30px|30px|true|true\u00a0\u00bb custom_padding_phone=\u00a0\u00bb20px|20px|20px|20px|true|true\u00a0\u00bb custom_padding_last_edited=\u00a0\u00bbon|desktop\u00a0\u00bb global_colors_info=\u00a0\u00bb{%22gcid-1ebd227f-17a6-4b4b-aae3-34bdf343cf9f%22:%91%22background_color__hover%22%93,%22gcid-305d92cf-a923-4e59-9a36-c9893b05808b%22:%91%22background_color%22%93}\u00a0\u00bb background__hover_enabled=\u00a0\u00bbon|desktop\u00a0\u00bb][et_pb_text _builder_version=\u00a0\u00bb4.22.2&Prime; _module_preset=\u00a0\u00bb1f09816e-184e-4ce5-a4cf-b39c52c423ca\u00a0\u00bb text_text_color=\u00a0\u00bb#FFFFFF\u00a0\u00bb text_font_size=\u00a0\u00bb21px\u00a0\u00bb text_line_height=\u00a0\u00bb1.6em\u00a0\u00bb hover_enabled=\u00a0\u00bb0&Prime; text_font_size_tablet=\u00a0\u00bb20px\u00a0\u00bb text_font_size_phone=\u00a0\u00bb20px\u00a0\u00bb text_font_size_last_edited=\u00a0\u00bbon|desktop\u00a0\u00bb text_line_height_tablet=\u00a0\u00bb1.6em\u00a0\u00bb text_line_height_phone=\u00a0\u00bb1.5em\u00a0\u00bb text_line_height_last_edited=\u00a0\u00bbon|phone\u00a0\u00bb text_orientation_tablet=\u00a0\u00bbcenter\u00a0\u00bb text_orientation_phone=\u00a0\u00bbcenter\u00a0\u00bb text_orientation_last_edited=\u00a0\u00bbon|tablet\u00a0\u00bb global_colors_info=\u00a0\u00bb{}\u00a0\u00bb sticky_enabled=\u00a0\u00bb0&Prime;]<\/p>\n<p><strong>Vastes espaces communs o\u00f9 on peut profiter d\u2019une exp\u00e9rience exceptionnelle.<\/strong><\/p>\n<p>La maison a une aire de picnic avec un barbecue, situ\u00e9 dans une grande espace avec vues de la Reserva Natural de Jable, de la mer et du Risco de Famara.<\/p>\n<p>Dans le jardin il y a une petite cave \u00e0 vin o\u00f9 on peut d\u00e9guster une choix de vins de la r\u00e9gion et de produits artisanaux provenants de Lanzarote.<\/p>\n<p>Pour que nos h\u00f4tes puissent profiter de vacances totalement d\u00e9tendues, notre maison de vacances et Bed and Breakfast (B&amp;B) \u00e0 Lanzarote dispose de aires partag\u00e9es compos\u00e9es d\u2019un salon et d\u2019une salle \u00e0 d\u00eener tr\u00e8s spacieuse et lumineuse o\u00f9 on peut se d\u00e9tendre et se sentir chez soi.<\/p>\n<p>Il y a aussi un petit patio int\u00e9rieur , \u00e9clair\u00e9 par la lumi\u00e8re du jour au moyen d\u2019 un vitr\u00e9 pyramidal , dans lequel on peut passer du temps en lisant ou en \u00e9crivant dans un d\u00e9cor feutr\u00e9 et naturel.<\/p>\n<p><strong>Un potager avec l\u00e9gumes et fruits frais pour votre petit-d\u00e9jeuner sur la terrasse, o\u00f9 vous pourrez appr\u00e9cier un cadre merveilleux.<\/strong><\/p>\n<p>Dans la Villa El Jable il y a un jardin potager \u00e9cologique pour nous fournir l\u00e9gumes et fruits frais.<\/p>\n<p>Tous les matins on pr\u00e9pare un petit-d\u00e9jeuner salutaire et nourrissant avec g\u00e2teaux et biscuits faits maison, fruits, yaourt, c\u00e9r\u00e9ales, lait, pain et jus qui peuvent \u00eatre d\u00e9gust\u00e9s sur la terrasse donnant sur la mer pendant votre s\u00e9jour dans notre Bed and Breakfast (B&amp;B).<\/p>\n<p>[\/et_pb_text][\/et_pb_column][\/et_pb_row][\/et_pb_section][et_pb_section fb_built=\u00a0\u00bb1&Prime; admin_label=\u00a0\u00bbFeatures\u00a0\u00bb _builder_version=\u00a0\u00bb4.19.5&Prime; _module_preset=\u00a0\u00bbdefault\u00a0\u00bb background_color=\u00a0\u00bbgcid-f22ce391-07f1-4ce8-a74b-7c09c799a54e\u00a0\u00bb custom_margin=\u00a0\u00bb0px||||false|false\u00a0\u00bb custom_padding=\u00a0\u00bb0px||0px||false|false\u00a0\u00bb locked=\u00a0\u00bboff\u00a0\u00bb collapsed=\u00a0\u00bbon\u00a0\u00bb global_colors_info=\u00a0\u00bb{%22gcid-f22ce391-07f1-4ce8-a74b-7c09c799a54e%22:%91%22background_color%22%93}\u00a0\u00bb][et_pb_row column_structure=\u00a0\u00bb1_3,1_3,1_3&Prime; use_custom_gutter=\u00a0\u00bbon\u00a0\u00bb gutter_width=\u00a0\u00bb1&Prime; _builder_version=\u00a0\u00bb4.19.5&Prime; _module_preset=\u00a0\u00bbdefault\u00a0\u00bb width=\u00a0\u00bb100%\u00a0\u00bb max_width=\u00a0\u00bb100%\u00a0\u00bb custom_padding=\u00a0\u00bb0px||0px||false|false\u00a0\u00bb global_colors_info=\u00a0\u00bb{}\u00a0\u00bb][et_pb_column type=\u00a0\u00bb1_3&Prime; _builder_version=\u00a0\u00bb4.19.5&Prime; _module_preset=\u00a0\u00bbdefault\u00a0\u00bb global_colors_info=\u00a0\u00bb{}\u00a0\u00bb][et_pb_image src=\u00a0\u00bbhttps:\/\/www.bedandbreakfastlanzarote.es\/wp-content\/uploads\/2023\/10\/uva-lanzarote-BB-Finca.webp\u00a0\u00bb title_text=\u00a0\u00bbuva-lanzarote-B&amp;B-Finca\u00a0\u00bb show_in_lightbox=\u00a0\u00bbon\u00a0\u00bb _builder_version=\u00a0\u00bb4.22.2&Prime; _module_preset=\u00a0\u00bbdefault\u00a0\u00bb global_colors_info=\u00a0\u00bb{}\u00a0\u00bb][\/et_pb_image][\/et_pb_column][et_pb_column type=\u00a0\u00bb1_3&Prime; _builder_version=\u00a0\u00bb4.19.5&Prime; _module_preset=\u00a0\u00bbdefault\u00a0\u00bb global_colors_info=\u00a0\u00bb{}\u00a0\u00bb][et_pb_image src=\u00a0\u00bbhttps:\/\/www.bedandbreakfastlanzarote.es\/wp-content\/uploads\/2023\/10\/jardines-cactus-lanzarote-BB-Finca.webp\u00a0\u00bb title_text=\u00a0\u00bbjardines-cactus-lanzarote-B&amp;B-Finca\u00a0\u00bb show_in_lightbox=\u00a0\u00bbon\u00a0\u00bb _builder_version=\u00a0\u00bb4.22.2&Prime; _module_preset=\u00a0\u00bbdefault\u00a0\u00bb global_colors_info=\u00a0\u00bb{}\u00a0\u00bb][\/et_pb_image][\/et_pb_column][et_pb_column type=\u00a0\u00bb1_3&Prime; _builder_version=\u00a0\u00bb4.19.5&Prime; _module_preset=\u00a0\u00bbdefault\u00a0\u00bb global_colors_info=\u00a0\u00bb{}\u00a0\u00bb][et_pb_image src=\u00a0\u00bbhttps:\/\/www.bedandbreakfastlanzarote.es\/wp-content\/uploads\/2023\/10\/fruta-lanzarote-BB-Finca.webp\u00a0\u00bb title_text=\u00a0\u00bbfruta-lanzarote-B&amp;B-Finca\u00a0\u00bb show_in_lightbox=\u00a0\u00bbon\u00a0\u00bb _builder_version=\u00a0\u00bb4.22.2&Prime; _module_preset=\u00a0\u00bbdefault\u00a0\u00bb global_colors_info=\u00a0\u00bb{}\u00a0\u00bb][\/et_pb_image][\/et_pb_column][\/et_pb_row][\/et_pb_section][et_pb_section fb_built=\u00a0\u00bb1&Prime; admin_label=\u00a0\u00bbAbout\u00a0\u00bb _builder_version=\u00a0\u00bb4.22.2&Prime; _module_preset=\u00a0\u00bbdefault\u00a0\u00bb background_enable_color=\u00a0\u00bboff\u00a0\u00bb background_image=\u00a0\u00bbhttps:\/\/www.bedandbreakfastlanzarote.es\/wp-content\/uploads\/2023\/10\/Lanzarote-Francesco-Petruccioli.webp\u00a0\u00bb locked=\u00a0\u00bboff\u00a0\u00bb collapsed=\u00a0\u00bbon\u00a0\u00bb global_colors_info=\u00a0\u00bb{%22gcid-14288038-400c-45a9-8d7d-5fe611f009c6%22:%91%22background_color_gradient_stops%22%93,%22gcid-305d92cf-a923-4e59-9a36-c9893b05808b%22:%91%22background_color_gradient_stops%22%93,%22gcid-2475267f-9381-49d6-9138-9ec3ed4edb2f%22:%91%22background_color_gradient_stops%22%93}\u00a0\u00bb][et_pb_row column_structure=\u00a0\u00bb1_4,3_4&Prime; _builder_version=\u00a0\u00bb4.22.2&Prime; _module_preset=\u00a0\u00bbdefault\u00a0\u00bb global_colors_info=\u00a0\u00bb{}\u00a0\u00bb][et_pb_column type=\u00a0\u00bb1_4&Prime; _builder_version=\u00a0\u00bb4.19.0&Prime; _module_preset=\u00a0\u00bbdefault\u00a0\u00bb global_colors_info=\u00a0\u00bb{}\u00a0\u00bb][\/et_pb_column][et_pb_column type=\u00a0\u00bb3_4&Prime; _builder_version=\u00a0\u00bb4.22.2&Prime; _module_preset=\u00a0\u00bbdefault\u00a0\u00bb background_color=\u00a0\u00bbrgba(250,242,233,0.89)\u00a0\u00bb custom_padding=\u00a0\u00bb60px|60px|60px|60px|true|true\u00a0\u00bb custom_padding_tablet=\u00a0\u00bb30px|30px|30px|30px|true|true\u00a0\u00bb custom_padding_phone=\u00a0\u00bb20px|20px|20px|20px|true|true\u00a0\u00bb custom_padding_last_edited=\u00a0\u00bbon|desktop\u00a0\u00bb global_colors_info=\u00a0\u00bb{%22gcid-1ebd227f-17a6-4b4b-aae3-34bdf343cf9f%22:%91%22background_color__hover%22%93}\u00a0\u00bb background__hover_enabled=\u00a0\u00bbon|desktop\u00a0\u00bb][et_pb_text _builder_version=\u00a0\u00bb4.22.2&Prime; _module_preset=\u00a0\u00bb1f09816e-184e-4ce5-a4cf-b39c52c423ca\u00a0\u00bb text_text_color=\u00a0\u00bbgcid-14288038-400c-45a9-8d7d-5fe611f009c6&Prime; text_font_size=\u00a0\u00bb21px\u00a0\u00bb text_line_height=\u00a0\u00bb1.5em\u00a0\u00bb text_font_size_tablet=\u00a0\u00bb20px\u00a0\u00bb text_font_size_phone=\u00a0\u00bb20px\u00a0\u00bb text_font_size_last_edited=\u00a0\u00bbon|desktop\u00a0\u00bb text_orientation_tablet=\u00a0\u00bbcenter\u00a0\u00bb text_orientation_phone=\u00a0\u00bbcenter\u00a0\u00bb text_orientation_last_edited=\u00a0\u00bbon|tablet\u00a0\u00bb global_colors_info=\u00a0\u00bb{%22gcid-14288038-400c-45a9-8d7d-5fe611f009c6%22:%91%22text_text_color%22%93}\u00a0\u00bb]<\/p>\n<p><strong>Un endroit id\u00e9al pour visiter l\u2019\u00eele du nord au sud.<\/strong><\/p>\n<p><strong>La Villa El Diable est situ\u00e9e \u00e0 Lanzarote, \u00e0 15 km de l\u2019a\u00e9roport<\/strong>, dans une position id\u00e9al pour d\u00e9couvrir l\u2019\u00eele dans toutes les directions<br \/>\u00c0 seulement 4 km du notre Bed and Breakast (B&amp;B), dans le village de <strong>Tinajo<\/strong>, on peut trouver services tels qu\u2019un supermarch\u00e9, une pharmacie, une banque, une boulangerie et un bureau de poste.<br \/>Bien qu\u2019elle soit une petite \u00eele par rapport aux autres du archipel canarien, Lanzarote offre une grande vari\u00e9t\u00e9 de sites culturels \u00e0 visiter, tels que<\/p>\n<ul>\n<li>La Cueva de los Verdes<\/li>\n<li>Los Jameos del Agua<\/li>\n<li>Mirador del R\u00edo<\/li>\n<li>La Villa de Teguise<\/li>\n<li>La casa museo de Lagomar<\/li>\n<li>Museo Atl\u00e1ntico<\/li>\n<li>Fundaci\u00f3n y Casa de C\u00e9sar Manrique<\/li>\n<li>Casa Museo Jos\u00e9 Saramago<\/li>\n<li>La Geria, avec plein de bodegas o\u00f9 on peut d\u00e9guster le vin de la r\u00e9gion de Lanzarote<\/li>\n<li>El Parque Nacional de Timanfaya<\/li>\n<li>Playa de Papagayo<\/li>\n<li>Salinas del Janubio<\/li>\n<li>El Golfo<\/li>\n<li>Los Hervideros<\/li>\n<\/ul>\n<p>la majorit\u00e9 d\u2019entre eux a \u00e9t\u00e9 con\u00e7ue et construite par <strong>C\u00e9sar Manrique<\/strong>, l\u2019artiste international le plus charismatique et repr\u00e9sentatif de l\u2019 \u00eele de Lanzarote.<\/p>\n<p>[\/et_pb_text][\/et_pb_column][\/et_pb_row][\/et_pb_section][et_pb_section fb_built=\u00a0\u00bb1&Prime; custom_padding_last_edited=\u00a0\u00bbon|phone\u00a0\u00bb admin_label=\u00a0\u00bbAbout\u00a0\u00bb _builder_version=\u00a0\u00bb4.22.2&Prime; _module_preset=\u00a0\u00bbdefault\u00a0\u00bb background_enable_color=\u00a0\u00bboff\u00a0\u00bb use_background_color_gradient=\u00a0\u00bbon\u00a0\u00bb background_color_gradient_direction=\u00a0\u00bb90deg\u00a0\u00bb background_color_gradient_stops=\u00a0\u00bbrgba(255,255,255,0) 61vw|gcid-14288038-400c-45a9-8d7d-5fe611f009c6 61vw\u00a0\u00bb background_color_gradient_unit=\u00a0\u00bbvw\u00a0\u00bb background_color_gradient_overlays_image=\u00a0\u00bbon\u00a0\u00bb background_image=\u00a0\u00bbhttps:\/\/www.bedandbreakfastlanzarote.es\/wp-content\/uploads\/2023\/10\/Lanzarote-Famara-BB-Finca-el-Jable-.webp\u00a0\u00bb custom_margin=\u00a0\u00bb0px||||false|false\u00a0\u00bb custom_padding_tablet=\u00a0\u00bb\u00a0\u00bb custom_padding_phone=\u00a0\u00bb0px||20px||false|false\u00a0\u00bb locked=\u00a0\u00bboff\u00a0\u00bb collapsed=\u00a0\u00bbon\u00a0\u00bb global_colors_info=\u00a0\u00bb{%22gcid-14288038-400c-45a9-8d7d-5fe611f009c6%22:%91%22background_color_gradient_stops%22%93,%22gcid-305d92cf-a923-4e59-9a36-c9893b05808b%22:%91%22background_color_gradient_stops%22%93,%22gcid-2475267f-9381-49d6-9138-9ec3ed4edb2f%22:%91%22background_color_gradient_stops%22%93}\u00a0\u00bb][et_pb_row column_structure=\u00a0\u00bb1_4,3_4&Prime; _builder_version=\u00a0\u00bb4.19.5&Prime; _module_preset=\u00a0\u00bbdefault\u00a0\u00bb global_colors_info=\u00a0\u00bb{}\u00a0\u00bb][et_pb_column type=\u00a0\u00bb1_4&Prime; _builder_version=\u00a0\u00bb4.19.0&Prime; _module_preset=\u00a0\u00bbdefault\u00a0\u00bb global_colors_info=\u00a0\u00bb{}\u00a0\u00bb][\/et_pb_column][et_pb_column type=\u00a0\u00bb3_4&Prime; _builder_version=\u00a0\u00bb4.19.5&Prime; _module_preset=\u00a0\u00bbdefault\u00a0\u00bb background_color=\u00a0\u00bbgcid-acf2baa2-e0bd-4c73-bc85-2627b6493275&Prime; custom_padding=\u00a0\u00bb60px|60px|60px|60px|true|true\u00a0\u00bb custom_padding_tablet=\u00a0\u00bb30px|30px|30px|30px|true|true\u00a0\u00bb custom_padding_phone=\u00a0\u00bb20px|20px|20px|20px|true|true\u00a0\u00bb custom_padding_last_edited=\u00a0\u00bbon|desktop\u00a0\u00bb global_colors_info=\u00a0\u00bb{%22gcid-1ebd227f-17a6-4b4b-aae3-34bdf343cf9f%22:%91%22background_color__hover%22%93,%22gcid-acf2baa2-e0bd-4c73-bc85-2627b6493275%22:%91%22background_color%22%93}\u00a0\u00bb background__hover_enabled=\u00a0\u00bbon|desktop\u00a0\u00bb][et_pb_text _builder_version=\u00a0\u00bb4.22.2&Prime; _module_preset=\u00a0\u00bb1f09816e-184e-4ce5-a4cf-b39c52c423ca\u00a0\u00bb text_text_color=\u00a0\u00bbgcid-14288038-400c-45a9-8d7d-5fe611f009c6&Prime; text_font_size=\u00a0\u00bb21px\u00a0\u00bb text_line_height=\u00a0\u00bb1.6em\u00a0\u00bb custom_margin_tablet=\u00a0\u00bb\u00a0\u00bb custom_margin_phone=\u00a0\u00bb0px||||false|false\u00a0\u00bb custom_margin_last_edited=\u00a0\u00bbon|phone\u00a0\u00bb custom_padding=\u00a0\u00bb0px||||false|false\u00a0\u00bb text_font_size_tablet=\u00a0\u00bb20px\u00a0\u00bb text_font_size_phone=\u00a0\u00bb20px\u00a0\u00bb text_font_size_last_edited=\u00a0\u00bbon|desktop\u00a0\u00bb text_line_height_tablet=\u00a0\u00bb1.6em\u00a0\u00bb text_line_height_phone=\u00a0\u00bb1.5em\u00a0\u00bb text_line_height_last_edited=\u00a0\u00bbon|phone\u00a0\u00bb text_orientation_tablet=\u00a0\u00bbcenter\u00a0\u00bb text_orientation_phone=\u00a0\u00bbcenter\u00a0\u00bb text_orientation_last_edited=\u00a0\u00bbon|tablet\u00a0\u00bb global_colors_info=\u00a0\u00bb{%22gcid-14288038-400c-45a9-8d7d-5fe611f009c6%22:%91%22text_text_color%22%93}\u00a0\u00bb]<\/p>\n<p><strong>Notre Bed and Breakfast (B&amp;B) est situ\u00e9 pr\u00e9s les plages les plus belles de Lanzarote.<\/strong><\/p>\n<p>De notre maison de vacances et Bed and Breakfast (B&amp;B) \u00e0 Lanzarote y a plusieurs sentiers de randonn\u00e9e \u00e0 travers El Jable Natural Reserve jusqu\u2019\u00e0 plusieurs sites d\u2019int\u00e9r\u00eat dans cette r\u00e9gion: Tinajo, la Santa, Caleta Caballo, Soo.<\/p>\n<p>\u00c0 seulement quelques kilom\u00e8tres il y a un grand \u00e9ventail de sports en plein air: v\u00e9lo, surf, paddle SUP, parapente, natation, kite-surf, planche \u00e0 voile. La plage la plus proche de Villa El Jable Lanzarote se trouve \u00e0 seulement 6 kilom\u00e8tres: elle est <strong>Playa Famara<\/strong> l\u2019une des plus c\u00e9l\u00e8bres de l\u2019 \u00eele en raison de ses falaises imposantes , de sa beaut\u00e9 et de ses vues du Chinijo Archipelago.<br \/>\u00c0 <strong>Famara<\/strong> aussi on peut profiter de petits restaurants familiaux o\u00f9 on peut go\u00fbter des plats typiques des \u00celes Canaries.<\/p>\n<p>[\/et_pb_text][\/et_pb_column][\/et_pb_row][\/et_pb_section][et_pb_section fb_built=\u00a0\u00bb1&Prime; _builder_version=\u00a0\u00bb4.19.5&Prime; _module_preset=\u00a0\u00bbdefault\u00a0\u00bb background_color=\u00a0\u00bbgcid-14288038-400c-45a9-8d7d-5fe611f009c6&Prime; global_colors_info=\u00a0\u00bb{%22gcid-14288038-400c-45a9-8d7d-5fe611f009c6%22:%91%22background_color%22%93}\u00a0\u00bb][et_pb_row _builder_version=\u00a0\u00bb4.19.5&Prime; _module_preset=\u00a0\u00bbdefault\u00a0\u00bb global_colors_info=\u00a0\u00bb{}\u00a0\u00bb][et_pb_column type=\u00a0\u00bb4_4&Prime; _builder_version=\u00a0\u00bb4.19.5&Prime; _module_preset=\u00a0\u00bbdefault\u00a0\u00bb global_colors_info=\u00a0\u00bb{}\u00a0\u00bb][et_pb_gallery gallery_ids=\u00a0\u00bb4224,4229,4234,4239,4244,4249,4254,4259&Prime; fullwidth=\u00a0\u00bbon\u00a0\u00bb _builder_version=\u00a0\u00bb4.22.2&Prime; _module_preset=\u00a0\u00bbdefault\u00a0\u00bb global_colors_info=\u00a0\u00bb{}\u00a0\u00bb][\/et_pb_gallery][\/et_pb_column][\/et_pb_row][\/et_pb_section][et_pb_section fb_built=\u00a0\u00bb1&Prime; admin_label=\u00a0\u00bbSubscribe\u00a0\u00bb _builder_version=\u00a0\u00bb4.19.5&Prime; _module_preset=\u00a0\u00bbdefault\u00a0\u00bb background_enable_color=\u00a0\u00bboff\u00a0\u00bb saved_tabs=\u00a0\u00bball\u00a0\u00bb locked=\u00a0\u00bboff\u00a0\u00bb collapsed=\u00a0\u00bbon\u00a0\u00bb global_colors_info=\u00a0\u00bb{}\u00a0\u00bb][et_pb_row column_structure=\u00a0\u00bb1_2,1_2&Prime; use_custom_gutter=\u00a0\u00bbon\u00a0\u00bb gutter_width=\u00a0\u00bb1&Prime; make_equal=\u00a0\u00bbon\u00a0\u00bb _builder_version=\u00a0\u00bb4.22.2&Prime; _module_preset=\u00a0\u00bbdefault\u00a0\u00bb custom_padding=\u00a0\u00bb0px||0px||true|false\u00a0\u00bb border_width_all=\u00a0\u00bb1px\u00a0\u00bb border_color_all=\u00a0\u00bb#000000&Prime; global_colors_info=\u00a0\u00bb{}\u00a0\u00bb][et_pb_column type=\u00a0\u00bb1_2&Prime; _builder_version=\u00a0\u00bb4.22.2&Prime; _module_preset=\u00a0\u00bbdefault\u00a0\u00bb background_image=\u00a0\u00bbhttps:\/\/www.bedandbreakfastlanzarote.es\/wp-content\/uploads\/2023\/10\/fruta-lanzarote-BB-Finca.webp\u00a0\u00bb border_color_all=\u00a0\u00bb#000000&Prime; border_width_right=\u00a0\u00bb1px\u00a0\u00bb global_colors_info=\u00a0\u00bb{}\u00a0\u00bb][et_pb_divider show_divider=\u00a0\u00bboff\u00a0\u00bb _builder_version=\u00a0\u00bb4.19.0&Prime; _module_preset=\u00a0\u00bbdefault\u00a0\u00bb height_tablet=\u00a0\u00bb40vw\u00a0\u00bb height_phone=\u00a0\u00bb40vw\u00a0\u00bb height_last_edited=\u00a0\u00bbon|phone\u00a0\u00bb global_colors_info=\u00a0\u00bb{}\u00a0\u00bb][\/et_pb_divider][\/et_pb_column][et_pb_column type=\u00a0\u00bb1_2&Prime; _builder_version=\u00a0\u00bb4.20.0&Prime; _module_preset=\u00a0\u00bbdefault\u00a0\u00bb background_color=\u00a0\u00bbgcid-2c1c8d4e-5e17-463b-8784-f14027731858&Prime; custom_padding=\u00a0\u00bb60px|60px|60px|60px|true|true\u00a0\u00bb custom_padding_tablet=\u00a0\u00bb30px|30px|30px|30px|true|true\u00a0\u00bb custom_padding_phone=\u00a0\u00bb20px|20px|20px|20px|true|true\u00a0\u00bb custom_padding_last_edited=\u00a0\u00bbon|desktop\u00a0\u00bb global_colors_info=\u00a0\u00bb{%22gcid-1ebd227f-17a6-4b4b-aae3-34bdf343cf9f%22:%91%22background_color__hover%22%93,%22gcid-f22ce391-07f1-4ce8-a74b-7c09c799a54e%22:%91%22box_shadow_color%22%93,%22gcid-2c1c8d4e-5e17-463b-8784-f14027731858%22:%91%22background_color%22%93}\u00a0\u00bb background__hover_enabled=\u00a0\u00bbon|desktop\u00a0\u00bb][et_pb_text _builder_version=\u00a0\u00bb4.19.5&Prime; _module_preset=\u00a0\u00bbb327cbe4-b1d5-4b66-ad37-40c8f2f061ba\u00a0\u00bb header_2_font=\u00a0\u00bb||||||||\u00a0\u00bb header_2_font_size=\u00a0\u00bb40px\u00a0\u00bb header_2_line_height=\u00a0\u00bb1.2em\u00a0\u00bb custom_margin=\u00a0\u00bb30px||30px||true|false\u00a0\u00bb custom_padding=\u00a0\u00bb||||false|false\u00a0\u00bb header_2_font_size_tablet=\u00a0\u00bb32px\u00a0\u00bb header_2_font_size_phone=\u00a0\u00bb20px\u00a0\u00bb header_2_font_size_last_edited=\u00a0\u00bbon|desktop\u00a0\u00bb global_colors_info=\u00a0\u00bb{}\u00a0\u00bb]<\/p>\n<h2>Nous vous attendons.<br \/>Veuillez indiquer les dates de votre s\u00e9jour et combien vous serez.<\/h2>\n<p>[\/et_pb_text][et_pb_text _builder_version=\u00a0\u00bb4.22.2&Prime; _module_preset=\u00a0\u00bb1f09816e-184e-4ce5-a4cf-b39c52c423ca\u00a0\u00bb text_font_size=\u00a0\u00bb16px\u00a0\u00bb text_line_height=\u00a0\u00bb1.8em\u00a0\u00bb custom_margin=\u00a0\u00bb||30px||false|false\u00a0\u00bb text_font_size_tablet=\u00a0\u00bb18px\u00a0\u00bb text_font_size_phone=\u00a0\u00bb14px\u00a0\u00bb text_font_size_last_edited=\u00a0\u00bbon|desktop\u00a0\u00bb header_font_size_tablet=\u00a0\u00bb55px\u00a0\u00bb header_font_size_last_edited=\u00a0\u00bboff|desktop\u00a0\u00bb global_colors_info=\u00a0\u00bb{}\u00a0\u00bb]<\/p>\n<p>Envoyez un message et nous vous contacterons par courrier \u00e9lectronique.<\/p>\n<p>[\/et_pb_text][et_pb_contact_form _builder_version=\u00a0\u00bb4.19.5&Prime; _module_preset=\u00a0\u00bbdefault\u00a0\u00bb _unique_id=\u00a0\u00bb0a0c1caa-a3a3-4dbd-9485-4224451e0737&Prime; global_colors_info=\u00a0\u00bb{}\u00a0\u00bb][et_pb_contact_field field_id=\u00a0\u00bbName\u00a0\u00bb field_title=\u00a0\u00bbNom\u00a0\u00bb _builder_version=\u00a0\u00bb4.16&Prime; global_colors_info=\u00a0\u00bb{}\u00a0\u00bb button_text_size__hover_enabled=\u00a0\u00bboff\u00a0\u00bb button_one_text_size__hover_enabled=\u00a0\u00bboff\u00a0\u00bb button_two_text_size__hover_enabled=\u00a0\u00bboff\u00a0\u00bb button_text_color__hover_enabled=\u00a0\u00bboff\u00a0\u00bb button_one_text_color__hover_enabled=\u00a0\u00bboff\u00a0\u00bb button_two_text_color__hover_enabled=\u00a0\u00bboff\u00a0\u00bb button_border_width__hover_enabled=\u00a0\u00bboff\u00a0\u00bb button_one_border_width__hover_enabled=\u00a0\u00bboff\u00a0\u00bb button_two_border_width__hover_enabled=\u00a0\u00bboff\u00a0\u00bb button_border_color__hover_enabled=\u00a0\u00bboff\u00a0\u00bb button_one_border_color__hover_enabled=\u00a0\u00bboff\u00a0\u00bb button_two_border_color__hover_enabled=\u00a0\u00bboff\u00a0\u00bb button_border_radius__hover_enabled=\u00a0\u00bboff\u00a0\u00bb button_one_border_radius__hover_enabled=\u00a0\u00bboff\u00a0\u00bb button_two_border_radius__hover_enabled=\u00a0\u00bboff\u00a0\u00bb button_letter_spacing__hover_enabled=\u00a0\u00bboff\u00a0\u00bb button_one_letter_spacing__hover_enabled=\u00a0\u00bboff\u00a0\u00bb button_two_letter_spacing__hover_enabled=\u00a0\u00bboff\u00a0\u00bb button_bg_color__hover_enabled=\u00a0\u00bboff\u00a0\u00bb button_one_bg_color__hover_enabled=\u00a0\u00bboff\u00a0\u00bb button_two_bg_color__hover_enabled=\u00a0\u00bboff\u00a0\u00bb][\/et_pb_contact_field][et_pb_contact_field field_id=\u00a0\u00bbEmail\u00a0\u00bb field_title=\u00a0\u00bbl&#039;adresse e-mail\u00a0\u00bb field_type=\u00a0\u00bbemail\u00a0\u00bb _builder_version=\u00a0\u00bb4.16&Prime; global_colors_info=\u00a0\u00bb{}\u00a0\u00bb button_text_size__hover_enabled=\u00a0\u00bboff\u00a0\u00bb button_one_text_size__hover_enabled=\u00a0\u00bboff\u00a0\u00bb button_two_text_size__hover_enabled=\u00a0\u00bboff\u00a0\u00bb button_text_color__hover_enabled=\u00a0\u00bboff\u00a0\u00bb button_one_text_color__hover_enabled=\u00a0\u00bboff\u00a0\u00bb button_two_text_color__hover_enabled=\u00a0\u00bboff\u00a0\u00bb button_border_width__hover_enabled=\u00a0\u00bboff\u00a0\u00bb button_one_border_width__hover_enabled=\u00a0\u00bboff\u00a0\u00bb button_two_border_width__hover_enabled=\u00a0\u00bboff\u00a0\u00bb button_border_color__hover_enabled=\u00a0\u00bboff\u00a0\u00bb button_one_border_color__hover_enabled=\u00a0\u00bboff\u00a0\u00bb button_two_border_color__hover_enabled=\u00a0\u00bboff\u00a0\u00bb button_border_radius__hover_enabled=\u00a0\u00bboff\u00a0\u00bb button_one_border_radius__hover_enabled=\u00a0\u00bboff\u00a0\u00bb button_two_border_radius__hover_enabled=\u00a0\u00bboff\u00a0\u00bb button_letter_spacing__hover_enabled=\u00a0\u00bboff\u00a0\u00bb button_one_letter_spacing__hover_enabled=\u00a0\u00bboff\u00a0\u00bb button_two_letter_spacing__hover_enabled=\u00a0\u00bboff\u00a0\u00bb button_bg_color__hover_enabled=\u00a0\u00bboff\u00a0\u00bb button_one_bg_color__hover_enabled=\u00a0\u00bboff\u00a0\u00bb button_two_bg_color__hover_enabled=\u00a0\u00bboff\u00a0\u00bb][\/et_pb_contact_field][et_pb_contact_field field_id=\u00a0\u00bbMessage\u00a0\u00bb field_title=\u00a0\u00bbMessage\u00a0\u00bb field_type=\u00a0\u00bbtext\u00a0\u00bb fullwidth_field=\u00a0\u00bbon\u00a0\u00bb _builder_version=\u00a0\u00bb4.16&Prime; global_colors_info=\u00a0\u00bb{}\u00a0\u00bb button_text_size__hover_enabled=\u00a0\u00bboff\u00a0\u00bb button_one_text_size__hover_enabled=\u00a0\u00bboff\u00a0\u00bb button_two_text_size__hover_enabled=\u00a0\u00bboff\u00a0\u00bb button_text_color__hover_enabled=\u00a0\u00bboff\u00a0\u00bb button_one_text_color__hover_enabled=\u00a0\u00bboff\u00a0\u00bb button_two_text_color__hover_enabled=\u00a0\u00bboff\u00a0\u00bb button_border_width__hover_enabled=\u00a0\u00bboff\u00a0\u00bb button_one_border_width__hover_enabled=\u00a0\u00bboff\u00a0\u00bb button_two_border_width__hover_enabled=\u00a0\u00bboff\u00a0\u00bb button_border_color__hover_enabled=\u00a0\u00bboff\u00a0\u00bb button_one_border_color__hover_enabled=\u00a0\u00bboff\u00a0\u00bb button_two_border_color__hover_enabled=\u00a0\u00bboff\u00a0\u00bb button_border_radius__hover_enabled=\u00a0\u00bboff\u00a0\u00bb button_one_border_radius__hover_enabled=\u00a0\u00bboff\u00a0\u00bb button_two_border_radius__hover_enabled=\u00a0\u00bboff\u00a0\u00bb button_letter_spacing__hover_enabled=\u00a0\u00bboff\u00a0\u00bb button_one_letter_spacing__hover_enabled=\u00a0\u00bboff\u00a0\u00bb button_two_letter_spacing__hover_enabled=\u00a0\u00bboff\u00a0\u00bb button_bg_color__hover_enabled=\u00a0\u00bboff\u00a0\u00bb button_one_bg_color__hover_enabled=\u00a0\u00bboff\u00a0\u00bb button_two_bg_color__hover_enabled=\u00a0\u00bboff\u00a0\u00bb][\/et_pb_contact_field][\/et_pb_contact_form][\/et_pb_column][\/et_pb_row][\/et_pb_section][et_pb_section fb_built=\u00a0\u00bb1&Prime; admin_label=\u00a0\u00bbSubscribe\u00a0\u00bb _builder_version=\u00a0\u00bb4.19.5&Prime; _module_preset=\u00a0\u00bbdefault\u00a0\u00bb background_color=\u00a0\u00bbgcid-305d92cf-a923-4e59-9a36-c9893b05808b\u00a0\u00bb background_image=\u00a0\u00bbhttps:\/\/www.bedandbreakfastlanzarote.es\/wp-content\/uploads\/2023\/10\/pop-up-picnic-2.png\u00a0\u00bb background_enable_image=\u00a0\u00bboff\u00a0\u00bb background_enable_mask_style=\u00a0\u00bbon\u00a0\u00bb background_mask_style=\u00a0\u00bbpaint\u00a0\u00bb background_mask_color=\u00a0\u00bbgcid-14288038-400c-45a9-8d7d-5fe611f009c6&Prime; background_mask_size=\u00a0\u00bbcover\u00a0\u00bb custom_padding=\u00a0\u00bb5vw||5vw||true|false\u00a0\u00bb saved_tabs=\u00a0\u00bball\u00a0\u00bb locked=\u00a0\u00bboff\u00a0\u00bb collapsed=\u00a0\u00bbon\u00a0\u00bb global_colors_info=\u00a0\u00bb{%22gcid-14288038-400c-45a9-8d7d-5fe611f009c6%22:%91%22background_mask_color%22%93,%22gcid-305d92cf-a923-4e59-9a36-c9893b05808b%22:%91%22background_color%22%93}\u00a0\u00bb][et_pb_row custom_padding_last_edited=\u00a0\u00bbon|tablet\u00a0\u00bb _builder_version=\u00a0\u00bb4.19.5&Prime; _module_preset=\u00a0\u00bbdefault\u00a0\u00bb background_enable_color=\u00a0\u00bboff\u00a0\u00bb custom_padding=\u00a0\u00bb4vw|60px|4vw|60px|true|true\u00a0\u00bb custom_padding_tablet=\u00a0\u00bb30px|30px|30px|30px|true|true\u00a0\u00bb custom_padding_phone=\u00a0\u00bb20px|20px|20px|20px|true|true\u00a0\u00bb global_colors_info=\u00a0\u00bb{%22gcid-1ebd227f-17a6-4b4b-aae3-34bdf343cf9f%22:%91%22background_color__hover%22%93}\u00a0\u00bb background__hover_enabled=\u00a0\u00bbon|desktop\u00a0\u00bb][et_pb_column type=\u00a0\u00bb4_4&Prime; _builder_version=\u00a0\u00bb4.19.0&Prime; _module_preset=\u00a0\u00bbdefault\u00a0\u00bb global_colors_info=\u00a0\u00bb{}\u00a0\u00bb][et_pb_testimonial author=\u00a0\u00bbC\u00e9sar Manrique\u00a0\u00bb portrait_url=\u00a0\u00bbhttps:\/\/www.bedandbreakfastlanzarote.es\/wp-content\/uploads\/2023\/10\/manrique-lanzarote.webp\u00a0\u00bb _builder_version=\u00a0\u00bb4.22.2&Prime; _module_preset=\u00a0\u00bbdefault\u00a0\u00bb body_font=\u00a0\u00bb|300|||||||\u00a0\u00bb body_font_size=\u00a0\u00bb24px\u00a0\u00bb body_line_height=\u00a0\u00bb1.2em\u00a0\u00bb author_text_color=\u00a0\u00bbgcid-14288038-400c-45a9-8d7d-5fe611f009c6&Prime; author_font_size=\u00a0\u00bb16px\u00a0\u00bb background_color=\u00a0\u00bbrgba(245,245,245,0.91)\u00a0\u00bb body_font_size_tablet=\u00a0\u00bb24px\u00a0\u00bb body_font_size_phone=\u00a0\u00bb20px\u00a0\u00bb body_font_size_last_edited=\u00a0\u00bbon|phone\u00a0\u00bb body_line_height_tablet=\u00a0\u00bb1.2em\u00a0\u00bb body_line_height_phone=\u00a0\u00bb1.5em\u00a0\u00bb body_line_height_last_edited=\u00a0\u00bbon|phone\u00a0\u00bb global_colors_info=\u00a0\u00bb{%22gcid-14288038-400c-45a9-8d7d-5fe611f009c6%22:%91%22author_text_color%22%93}\u00a0\u00bb]<\/p>\n<p>En los viajes la cultura se nos brinda de una manera f\u00e1cil y natural, pero hay un fen\u00f3meno que tenemos la obligaci\u00f3n de difundir que es sencillamente ense\u00f1ar a ver.<\/p>\n<p>Los viajes nos ense\u00f1an a respetar y admirar las maravillas del planeta.<\/p>\n<p>[\/et_pb_testimonial][\/et_pb_column][\/et_pb_row][\/et_pb_section]<\/p>\n","protected":false},"excerpt":{"rendered":"<p>Villa el JableVilla El Jable Lanzarote, maison de vacances et Bed and Breakfast (B&amp;B) situ\u00e9e dans un tr\u00e8s paisible petit village \u00e0 seulement 6 km de Famara.La Villa El Jable en Lanzarote est une maison typiquement canarienne \u00e0 un seul \u00e9tage dans une parcelle de terrain de 1290 mqGr\u00e2ce \u00e0 sa position privil\u00e9gi\u00e9e les chambres [&hellip;]<\/p>\n","protected":false},"author":1,"featured_media":0,"parent":0,"menu_order":0,"comment_status":"closed","ping_status":"closed","template":"","meta":{"_et_pb_use_builder":"on","_et_pb_old_content":"","_et_gb_content_width":"","footnotes":""},"class_list":["post-4597","page","type-page","status-publish","hentry"],"yoast_head":"<!-- This site is optimized with the Yoast SEO plugin v26.2 - https:\/\/yoast.com\/wordpress\/plugins\/seo\/ -->\n<title>La Maison - Villa el Jable Lanzarote<\/title>\n<meta name=\"robots\" content=\"index, follow, max-snippet:-1, max-image-preview:large, max-video-preview:-1\" \/>\n<link rel=\"canonical\" href=\"https:\/\/www.bedandbreakfastlanzarote.es\/fr\/la-maison\/\" \/>\n<meta property=\"og:locale\" content=\"fr_FR\" \/>\n<meta property=\"og:type\" content=\"article\" \/>\n<meta property=\"og:title\" content=\"La Maison - Villa el Jable Lanzarote\" \/>\n<meta property=\"og:description\" content=\"Villa el JableVilla El Jable Lanzarote, maison de vacances et Bed and Breakfast (B&amp;B) situ\u00e9e dans un tr\u00e8s paisible petit village \u00e0 seulement 6 km de Famara.La Villa El Jable en Lanzarote est une maison typiquement canarienne \u00e0 un seul \u00e9tage dans une parcelle de terrain de 1290 mqGr\u00e2ce \u00e0 sa position privil\u00e9gi\u00e9e les chambres [&hellip;]\" \/>\n<meta property=\"og:url\" content=\"https:\/\/www.bedandbreakfastlanzarote.es\/fr\/la-maison\/\" \/>\n<meta property=\"og:site_name\" content=\"Villa el Jable Lanzarote\" \/>\n<meta property=\"article:modified_time\" content=\"2024-01-14T01:48:18+00:00\" \/>\n<meta name=\"twitter:card\" content=\"summary_large_image\" \/>\n<meta name=\"twitter:label1\" content=\"Dur\u00e9e de lecture estim\u00e9e\" \/>\n\t<meta name=\"twitter:data1\" content=\"26 minutes\" \/>\n<script type=\"application\/ld+json\" class=\"yoast-schema-graph\">{\"@context\":\"https:\/\/schema.org\",\"@graph\":[{\"@type\":\"WebPage\",\"@id\":\"https:\/\/www.bedandbreakfastlanzarote.es\/fr\/la-maison\/\",\"url\":\"https:\/\/www.bedandbreakfastlanzarote.es\/fr\/la-maison\/\",\"name\":\"La Maison - Villa el Jable Lanzarote\",\"isPartOf\":{\"@id\":\"https:\/\/www.bedandbreakfastlanzarote.es\/fr\/#website\"},\"datePublished\":\"2023-10-05T16:53:45+00:00\",\"dateModified\":\"2024-01-14T01:48:18+00:00\",\"breadcrumb\":{\"@id\":\"https:\/\/www.bedandbreakfastlanzarote.es\/fr\/la-maison\/#breadcrumb\"},\"inLanguage\":\"fr-FR\",\"potentialAction\":[{\"@type\":\"ReadAction\",\"target\":[\"https:\/\/www.bedandbreakfastlanzarote.es\/fr\/la-maison\/\"]}]},{\"@type\":\"BreadcrumbList\",\"@id\":\"https:\/\/www.bedandbreakfastlanzarote.es\/fr\/la-maison\/#breadcrumb\",\"itemListElement\":[{\"@type\":\"ListItem\",\"position\":1,\"name\":\"Portada\",\"item\":\"https:\/\/www.bedandbreakfastlanzarote.es\/fr\/\"},{\"@type\":\"ListItem\",\"position\":2,\"name\":\"La Maison\"}]},{\"@type\":\"WebSite\",\"@id\":\"https:\/\/www.bedandbreakfastlanzarote.es\/fr\/#website\",\"url\":\"https:\/\/www.bedandbreakfastlanzarote.es\/fr\/\",\"name\":\"Villa el Jable Lanzarote\",\"description\":\"Bed and breakfast Lanzarote - Habitaciones en alquiler en Lanzarote\",\"potentialAction\":[{\"@type\":\"SearchAction\",\"target\":{\"@type\":\"EntryPoint\",\"urlTemplate\":\"https:\/\/www.bedandbreakfastlanzarote.es\/fr\/?s={search_term_string}\"},\"query-input\":{\"@type\":\"PropertyValueSpecification\",\"valueRequired\":true,\"valueName\":\"search_term_string\"}}],\"inLanguage\":\"fr-FR\"}]}<\/script>\n<!-- \/ Yoast SEO plugin. -->","yoast_head_json":{"title":"La Maison - Villa el Jable Lanzarote","robots":{"index":"index","follow":"follow","max-snippet":"max-snippet:-1","max-image-preview":"max-image-preview:large","max-video-preview":"max-video-preview:-1"},"canonical":"https:\/\/www.bedandbreakfastlanzarote.es\/fr\/la-maison\/","og_locale":"fr_FR","og_type":"article","og_title":"La Maison - Villa el Jable Lanzarote","og_description":"Villa el JableVilla El Jable Lanzarote, maison de vacances et Bed and Breakfast (B&amp;B) situ\u00e9e dans un tr\u00e8s paisible petit village \u00e0 seulement 6 km de Famara.La Villa El Jable en Lanzarote est une maison typiquement canarienne \u00e0 un seul \u00e9tage dans une parcelle de terrain de 1290 mqGr\u00e2ce \u00e0 sa position privil\u00e9gi\u00e9e les chambres [&hellip;]","og_url":"https:\/\/www.bedandbreakfastlanzarote.es\/fr\/la-maison\/","og_site_name":"Villa el Jable Lanzarote","article_modified_time":"2024-01-14T01:48:18+00:00","twitter_card":"summary_large_image","twitter_misc":{"Dur\u00e9e de lecture estim\u00e9e":"26 minutes"},"schema":{"@context":"https:\/\/schema.org","@graph":[{"@type":"WebPage","@id":"https:\/\/www.bedandbreakfastlanzarote.es\/fr\/la-maison\/","url":"https:\/\/www.bedandbreakfastlanzarote.es\/fr\/la-maison\/","name":"La Maison - Villa el Jable Lanzarote","isPartOf":{"@id":"https:\/\/www.bedandbreakfastlanzarote.es\/fr\/#website"},"datePublished":"2023-10-05T16:53:45+00:00","dateModified":"2024-01-14T01:48:18+00:00","breadcrumb":{"@id":"https:\/\/www.bedandbreakfastlanzarote.es\/fr\/la-maison\/#breadcrumb"},"inLanguage":"fr-FR","potentialAction":[{"@type":"ReadAction","target":["https:\/\/www.bedandbreakfastlanzarote.es\/fr\/la-maison\/"]}]},{"@type":"BreadcrumbList","@id":"https:\/\/www.bedandbreakfastlanzarote.es\/fr\/la-maison\/#breadcrumb","itemListElement":[{"@type":"ListItem","position":1,"name":"Portada","item":"https:\/\/www.bedandbreakfastlanzarote.es\/fr\/"},{"@type":"ListItem","position":2,"name":"La Maison"}]},{"@type":"WebSite","@id":"https:\/\/www.bedandbreakfastlanzarote.es\/fr\/#website","url":"https:\/\/www.bedandbreakfastlanzarote.es\/fr\/","name":"Villa el Jable Lanzarote","description":"Bed and breakfast Lanzarote - Habitaciones en alquiler en Lanzarote","potentialAction":[{"@type":"SearchAction","target":{"@type":"EntryPoint","urlTemplate":"https:\/\/www.bedandbreakfastlanzarote.es\/fr\/?s={search_term_string}"},"query-input":{"@type":"PropertyValueSpecification","valueRequired":true,"valueName":"search_term_string"}}],"inLanguage":"fr-FR"}]}},"jetpack_sharing_enabled":true,"_links":{"self":[{"href":"https:\/\/www.bedandbreakfastlanzarote.es\/fr\/wp-json\/wp\/v2\/pages\/4597","targetHints":{"allow":["GET"]}}],"collection":[{"href":"https:\/\/www.bedandbreakfastlanzarote.es\/fr\/wp-json\/wp\/v2\/pages"}],"about":[{"href":"https:\/\/www.bedandbreakfastlanzarote.es\/fr\/wp-json\/wp\/v2\/types\/page"}],"author":[{"embeddable":true,"href":"https:\/\/www.bedandbreakfastlanzarote.es\/fr\/wp-json\/wp\/v2\/users\/1"}],"replies":[{"embeddable":true,"href":"https:\/\/www.bedandbreakfastlanzarote.es\/fr\/wp-json\/wp\/v2\/comments?post=4597"}],"version-history":[{"count":4,"href":"https:\/\/www.bedandbreakfastlanzarote.es\/fr\/wp-json\/wp\/v2\/pages\/4597\/revisions"}],"predecessor-version":[{"id":5401,"href":"https:\/\/www.bedandbreakfastlanzarote.es\/fr\/wp-json\/wp\/v2\/pages\/4597\/revisions\/5401"}],"wp:attachment":[{"href":"https:\/\/www.bedandbreakfastlanzarote.es\/fr\/wp-json\/wp\/v2\/media?parent=4597"}],"curies":[{"name":"wp","href":"https:\/\/api.w.org\/{rel}","templated":true}]}}