{"id":4092,"date":"2023-10-05T10:07:29","date_gmt":"2023-10-05T10:07:29","guid":{"rendered":"https:\/\/www.bedandbreakfastlanzarote.es\/camera-amarilla\/"},"modified":"2024-01-22T18:16:08","modified_gmt":"2024-01-22T18:16:08","slug":"camera-amarilla","status":"publish","type":"page","link":"https:\/\/www.bedandbreakfastlanzarote.es\/it\/camera-amarilla\/","title":{"rendered":"Camera Amarilla"},"content":{"rendered":"<p>[et_pb_section fb_built=&#8221;1&#8243; admin_label=&#8221;Header&#8221; _builder_version=&#8221;4.22.2&#8243; background_enable_color=&#8221;off&#8221; use_background_color_gradient=&#8221;on&#8221; background_color_gradient_type=&#8221;circular&#8221; background_color_gradient_direction_radial=&#8221;top left&#8221; background_color_gradient_stops=&#8221;rgba(232,206,110,0.77) 10%|rgba(229,191,0,0.13) 56%&#8221; background_color_gradient_overlays_image=&#8221;on&#8221; background_color_gradient_start=&#8221;rgba(255,255,255,0.89)&#8221; background_color_gradient_start_position=&#8221;30%&#8221; background_color_gradient_end=&#8221;rgba(255,255,255,0)&#8221; background_color_gradient_end_position=&#8221;80%&#8221; background_image=&#8221;https:\/\/www.bedandbreakfastlanzarote.es\/wp-content\/uploads\/2023\/10\/lanzarote-bed-breakfast-villa-jable-amarilla-finca-04.webp&#8221; background_position=&#8221;bottom_left&#8221; custom_padding=&#8221;8vw|0px|0|0px|false|false&#8221; global_colors_info=&#8221;{}&#8221;][et_pb_row _builder_version=&#8221;4.16&#8243; global_colors_info=&#8221;{}&#8221;][et_pb_column type=&#8221;4_4&#8243; _builder_version=&#8221;4.16&#8243; custom_padding=&#8221;|||&#8221; global_colors_info=&#8221;{}&#8221; custom_padding__hover=&#8221;|||&#8221;][et_pb_text _builder_version=&#8221;4.22.2&#8243; text_font=&#8221;||||||||&#8221; header_font=&#8221;|700|||||||&#8221; header_text_color=&#8221;#FFFFFF&#8221; header_font_size=&#8221;60px&#8221; header_line_height=&#8221;1.2em&#8221; header_5_font=&#8221;Raleway|700||on|||||&#8221; header_5_text_color=&#8221;#000000&#8243; header_5_font_size=&#8221;20px&#8221; header_5_letter_spacing=&#8221;0.5em&#8221; header_5_line_height=&#8221;1.8em&#8221; header_font_size_tablet=&#8221;48px&#8221; header_font_size_phone=&#8221;32px&#8221; header_font_size_last_edited=&#8221;on|phone&#8221; header_5_font_size_tablet=&#8221;14px&#8221; header_5_font_size_phone=&#8221;12px&#8221; header_5_font_size_last_edited=&#8221;on|desktop&#8221; global_colors_info=&#8221;{}&#8221;]<\/p>\n<h1>Camera privata<br \/>AMARILLA<\/h1>\n<p>[\/et_pb_text][\/et_pb_column][\/et_pb_row][et_pb_row column_structure=&#8221;1_3,1_3,1_3&#8243; use_custom_gutter=&#8221;on&#8221; gutter_width=&#8221;2&#8243; make_equal=&#8221;on&#8221; custom_padding_last_edited=&#8221;on|desktop&#8221; disabled_on=&#8221;off|off|off&#8221; _builder_version=&#8221;4.22.2&#8243; background_color=&#8221;rgba(255,255,255,0.69)&#8221; width_tablet=&#8221;&#8221; width_phone=&#8221;&#8221; width_last_edited=&#8221;on|desktop&#8221; max_width=&#8221;80%&#8221; max_width_tablet=&#8221;80%&#8221; max_width_phone=&#8221;80%&#8221; max_width_last_edited=&#8221;on|phone&#8221; module_alignment=&#8221;left&#8221; custom_margin=&#8221;8vw||||false&#8221; custom_padding=&#8221;0|0px|0px|15vw|false|false&#8221; custom_padding_tablet=&#8221;|||10vw&#8221; custom_padding_phone=&#8221;|||10vw|false|false&#8221; animation_direction=&#8221;left&#8221; module_alignment_tablet=&#8221;left&#8221; module_alignment_phone=&#8221;&#8221; module_alignment_last_edited=&#8221;on|phone&#8221; border_radii=&#8221;off||70px||&#8221; border_width_top=&#8221;5px&#8221; border_color_top=&#8221;gcid-acf2baa2-e0bd-4c73-bc85-2627b6493275&#8243; use_custom_width=&#8221;on&#8221; width_unit=&#8221;off&#8221; custom_width_percent=&#8221;90%&#8221; locked=&#8221;off&#8221; global_colors_info=&#8221;{%22gcid-acf2baa2-e0bd-4c73-bc85-2627b6493275%22:%91%22border_color_top%22%93}&#8221;][et_pb_column type=&#8221;1_3&#8243; _builder_version=&#8221;4.19.5&#8243; custom_padding=&#8221;74px|||&#8221; custom_padding_tablet=&#8221;40px|||&#8221; custom_padding_phone=&#8221;20px|||&#8221; custom_padding_last_edited=&#8221;off|desktop&#8221; global_colors_info=&#8221;{}&#8221; padding_phone=&#8221;20px|||&#8221; padding_tablet=&#8221;40px|||&#8221; padding_last_edited=&#8221;off|desktop&#8221; custom_padding__hover=&#8221;|||&#8221;][et_pb_blurb title=&#8221;2 persone&#8221; use_icon=&#8221;on&#8221; font_icon=&#8221;&#xf500;||fa||900&#8243; icon_color=&#8221;gcid-14288038-400c-45a9-8d7d-5fe611f009c6&#8243; icon_placement=&#8221;left&#8221; image_icon_width=&#8221;24px&#8221; _builder_version=&#8221;4.22.2&#8243; header_level=&#8221;h5&#8243; header_font=&#8221;Raleway|700|||||||&#8221; header_text_color=&#8221;gcid-14288038-400c-45a9-8d7d-5fe611f009c6&#8243; header_font_size=&#8221;18px&#8221; header_line_height=&#8221;1.4em&#8221; icon_font_size=&#8221;24px&#8221; global_colors_info=&#8221;{%22gcid-14288038-400c-45a9-8d7d-5fe611f009c6%22:%91%22icon_color%22,%22header_text_color%22%93}&#8221;][\/et_pb_blurb][\/et_pb_column][et_pb_column type=&#8221;1_3&#8243; _builder_version=&#8221;4.16&#8243; custom_padding=&#8221;74px|||&#8221; custom_padding_tablet=&#8221;40px|||&#8221; custom_padding_phone=&#8221;20px|||&#8221; custom_padding_last_edited=&#8221;off|desktop&#8221; global_colors_info=&#8221;{}&#8221; padding_phone=&#8221;20px|||&#8221; padding_tablet=&#8221;40px|||&#8221; padding_last_edited=&#8221;off|desktop&#8221; custom_padding__hover=&#8221;|||&#8221;][et_pb_blurb title=&#8221;Da 99 \u20ac per notte&#8221; use_icon=&#8221;on&#8221; font_icon=&#8221;&#xe074;||divi||400&#8243; icon_color=&#8221;gcid-14288038-400c-45a9-8d7d-5fe611f009c6&#8243; icon_placement=&#8221;left&#8221; image_icon_width=&#8221;24px&#8221; _builder_version=&#8221;4.23&#8243; header_level=&#8221;h5&#8243; header_font=&#8221;Raleway|700|||||||&#8221; header_text_color=&#8221;gcid-14288038-400c-45a9-8d7d-5fe611f009c6&#8243; header_font_size=&#8221;18px&#8221; header_line_height=&#8221;1.4em&#8221; icon_font_size=&#8221;24px&#8221; global_colors_info=&#8221;{%22gcid-14288038-400c-45a9-8d7d-5fe611f009c6%22:%91%22icon_color%22,%22header_text_color%22%93}&#8221;][\/et_pb_blurb][\/et_pb_column][et_pb_column type=&#8221;1_3&#8243; _builder_version=&#8221;4.19.5&#8243; background_color=&#8221;rgba(255,255,255,0.74)&#8221; custom_padding=&#8221;|||&#8221; custom_padding_tablet=&#8221;40px|||&#8221; custom_padding_phone=&#8221;20px|||&#8221; custom_padding_last_edited=&#8221;off|desktop&#8221; border_radii_tablet=&#8221;&#8221; border_radii_phone=&#8221;off|70px|||&#8221; border_radii_last_edited=&#8221;on|phone&#8221; global_colors_info=&#8221;{}&#8221; padding_phone=&#8221;20px|||&#8221; padding_tablet=&#8221;40px|||&#8221; padding_last_edited=&#8221;off|desktop&#8221; custom_padding__hover=&#8221;|||&#8221;][et_pb_button button_url=&#8221;https:\/\/wa.me\/+34642782539&#8243; button_text=&#8221;Invia un WhatsApp&#8221; button_alignment=&#8221;center&#8221; button_alignment_tablet=&#8221;center&#8221; button_alignment_phone=&#8221;center&#8221; button_alignment_last_edited=&#8221;on|phone&#8221; _builder_version=&#8221;4.22.2&#8243; custom_button=&#8221;on&#8221; button_text_size=&#8221;17px&#8221; button_text_color=&#8221;gcid-14288038-400c-45a9-8d7d-5fe611f009c6&#8243; button_bg_color=&#8221;RGBA(255,255,255,0)&#8221; button_border_width=&#8221;10px&#8221; button_border_color=&#8221;rgba(0,0,0,0)&#8221; button_border_radius=&#8221;0px&#8221; button_font=&#8221;Raleway|700|||||||&#8221; custom_padding=&#8221;60px||60px||true&#8221; button_border_radius_hover=&#8221;0px&#8221; global_colors_info=&#8221;{%22gcid-14288038-400c-45a9-8d7d-5fe611f009c6%22:%91%22button_text_color%22%93}&#8221; button_text_size__hover_enabled=&#8221;off&#8221; button_one_text_size__hover_enabled=&#8221;off&#8221; button_two_text_size__hover_enabled=&#8221;off&#8221; button_text_color__hover_enabled=&#8221;off&#8221; button_one_text_color__hover_enabled=&#8221;off&#8221; button_two_text_color__hover_enabled=&#8221;off&#8221; button_border_width__hover_enabled=&#8221;off&#8221; button_one_border_width__hover_enabled=&#8221;off&#8221; button_two_border_width__hover_enabled=&#8221;off&#8221; button_border_color__hover_enabled=&#8221;off&#8221; button_one_border_color__hover_enabled=&#8221;off&#8221; button_two_border_color__hover_enabled=&#8221;off&#8221; button_border_radius__hover_enabled=&#8221;on|desktop&#8221; button_border_radius__hover=&#8221;0px&#8221; button_one_border_radius__hover_enabled=&#8221;off&#8221; button_two_border_radius__hover_enabled=&#8221;off&#8221; button_letter_spacing__hover_enabled=&#8221;off&#8221; button_one_letter_spacing__hover_enabled=&#8221;off&#8221; button_two_letter_spacing__hover_enabled=&#8221;off&#8221; button_bg_color__hover_enabled=&#8221;off&#8221; button_one_bg_color__hover_enabled=&#8221;off&#8221; button_two_bg_color__hover_enabled=&#8221;off&#8221;][\/et_pb_button][\/et_pb_column][\/et_pb_row][\/et_pb_section][et_pb_section fb_built=&#8221;1&#8243; admin_label=&#8221;Room Details&#8221; _builder_version=&#8221;4.22.2&#8243; background_color=&#8221;gcid-f22ce391-07f1-4ce8-a74b-7c09c799a54e&#8221; custom_margin=&#8221;0px||0px||false|false&#8221; custom_padding=&#8221;30px||30px||true|false&#8221; global_colors_info=&#8221;{%22gcid-f22ce391-07f1-4ce8-a74b-7c09c799a54e%22:%91%22background_color%22%93}&#8221;][et_pb_row _builder_version=&#8221;4.19.5&#8243; background_color=&#8221;gcid-acf2baa2-e0bd-4c73-bc85-2627b6493275&#8243; global_colors_info=&#8221;{%22gcid-acf2baa2-e0bd-4c73-bc85-2627b6493275%22:%91%22background_color%22%93}&#8221;][et_pb_column type=&#8221;4_4&#8243; _builder_version=&#8221;4.19.5&#8243; custom_padding=&#8221;|||20px|false|false&#8221; custom_padding_tablet=&#8221;|||20px|false|false&#8221; custom_padding_phone=&#8221;|||20px|false|false&#8221; custom_padding_last_edited=&#8221;on|phone&#8221; global_colors_info=&#8221;{}&#8221; custom_padding__hover=&#8221;|||&#8221;][et_pb_text _builder_version=&#8221;4.22.2&#8243; text_font=&#8221;||||||||&#8221; text_font_size=&#8221;23px&#8221; text_line_height=&#8221;1.6em&#8221; header_font=&#8221;||||||||&#8221; header_2_font=&#8221;|600|||||||&#8221; header_2_text_color=&#8221;gcid-14288038-400c-45a9-8d7d-5fe611f009c6&#8243; header_2_font_size=&#8221;30px&#8221; header_2_line_height=&#8221;1.2em&#8221; header_6_font=&#8221;Raleway|700||on|||||&#8221; header_6_font_size=&#8221;16px&#8221; header_6_letter_spacing=&#8221;5px&#8221; header_6_line_height=&#8221;1.2em&#8221; max_width_last_edited=&#8221;off|desktop&#8221; text_font_size_tablet=&#8221;16px&#8221; text_font_size_phone=&#8221;19px&#8221; text_font_size_last_edited=&#8221;on|phone&#8221; text_line_height_tablet=&#8221;&#8221; text_line_height_phone=&#8221;1.6em&#8221; text_line_height_last_edited=&#8221;on|phone&#8221; header_2_font_size_tablet=&#8221;35px&#8221; header_2_font_size_phone=&#8221;25px&#8221; header_2_font_size_last_edited=&#8221;on|phone&#8221; global_colors_info=&#8221;{%22gcid-14288038-400c-45a9-8d7d-5fe611f009c6%22:%91%22header_2_text_color%22%93}&#8221;]<\/p>\n<h2><span>Camera gialla<br \/><span style=\"color: #ffffff;\">Disponibile per due persone<\/span><\/span><\/h2>\n<p>[\/et_pb_text][\/et_pb_column][\/et_pb_row][et_pb_row _builder_version=&#8221;4.22.2&#8243; custom_margin=&#8221;0px||||false|false&#8221; custom_padding=&#8221;||0px||false|false&#8221; global_colors_info=&#8221;{}&#8221;][et_pb_column type=&#8221;4_4&#8243; _builder_version=&#8221;4.16&#8243; custom_padding=&#8221;|||&#8221; global_colors_info=&#8221;{}&#8221; custom_padding__hover=&#8221;|||&#8221;][et_pb_text _builder_version=&#8221;4.22.2&#8243; text_font=&#8221;||||||||&#8221; text_font_size=&#8221;23px&#8221; text_line_height=&#8221;1.6em&#8221; header_font=&#8221;||||||||&#8221; header_2_font=&#8221;Raleway|700|||||||&#8221; header_2_font_size=&#8221;50px&#8221; header_2_line_height=&#8221;1.2em&#8221; header_6_font=&#8221;Raleway|700||on|||||&#8221; header_6_font_size=&#8221;16px&#8221; header_6_letter_spacing=&#8221;5px&#8221; header_6_line_height=&#8221;1.2em&#8221; max_width_last_edited=&#8221;off|desktop&#8221; custom_margin=&#8221;0px||1px||false|false&#8221; custom_padding=&#8221;0px||0px||false|false&#8221; text_font_size_tablet=&#8221;16px&#8221; text_font_size_phone=&#8221;19px&#8221; text_font_size_last_edited=&#8221;on|phone&#8221; text_line_height_tablet=&#8221;&#8221; text_line_height_phone=&#8221;1.6em&#8221; text_line_height_last_edited=&#8221;on|phone&#8221; header_2_font_size_tablet=&#8221;35px&#8221; header_2_font_size_phone=&#8221;25px&#8221; header_2_font_size_last_edited=&#8221;on|phone&#8221; global_colors_info=&#8221;{}&#8221;]<\/p>\n<p><strong>Disponibile in affitto per due persone<\/strong> in uno degli angoli pi\u00f9 belli di Lanzarote. <br \/>Dispone di:<\/p>\n<ul>\n<li>2 letti singoli<\/li>\n<li>bagno privato<\/li>\n<li>Televisore LED<\/li>\n<li>armadio<\/li>\n<li>finestra sul mare, sull&#8217;<strong>arcipelago Chinijo<\/strong> e sui villaggi di <strong>Soo<\/strong>, <strong>La Santa<\/strong> e <strong>Caleta de Caballo<\/strong>.<\/li>\n<\/ul>\n<p>[\/et_pb_text][\/et_pb_column][\/et_pb_row][et_pb_row use_custom_gutter=&#8221;on&#8221; gutter_width=&#8221;1&#8243; _builder_version=&#8221;4.22.2&#8243; _module_preset=&#8221;default&#8221; global_colors_info=&#8221;{}&#8221;][et_pb_column type=&#8221;4_4&#8243; _builder_version=&#8221;4.19.5&#8243; _module_preset=&#8221;default&#8221; global_colors_info=&#8221;{}&#8221;][et_pb_gallery gallery_ids=&#8221;4101,4106,4111,4116,4121,4127&#8243; gallery_orderby=&#8221;rand&#8221; posts_number=&#8221;10&#8243; orientation=&#8221;portrait&#8221; show_title_and_caption=&#8221;off&#8221; show_pagination=&#8221;off&#8221; _builder_version=&#8221;4.22.2&#8243; _module_preset=&#8221;default&#8221; custom_margin=&#8221;0px||0px||false|false&#8221; custom_padding=&#8221;0px||0px||false|false&#8221; global_colors_info=&#8221;{}&#8221;][\/et_pb_gallery][\/et_pb_column][\/et_pb_row][et_pb_row column_structure=&#8221;1_3,1_3,1_3&#8243; _builder_version=&#8221;4.22.2&#8243; background_color=&#8221;gcid-acf2baa2-e0bd-4c73-bc85-2627b6493275&#8243; custom_margin=&#8221;||0px||false|false&#8221; global_colors_info=&#8221;{%22gcid-acf2baa2-e0bd-4c73-bc85-2627b6493275%22:%91%22background_color%22%93}&#8221; custom_padding__hover_enabled=&#8221;on|desktop&#8221;][et_pb_column type=&#8221;1_3&#8243; _builder_version=&#8221;4.22.2&#8243; custom_padding=&#8221;|||20px|false|false&#8221; custom_padding_tablet=&#8221;|||20px|false|false&#8221; custom_padding_phone=&#8221;|||20px|false|false&#8221; custom_padding_last_edited=&#8221;on|phone&#8221; global_colors_info=&#8221;{}&#8221; custom_padding__hover=&#8221;|||&#8221;][et_pb_text _builder_version=&#8221;4.22.2&#8243; text_font_size=&#8221;19px&#8221; text_line_height=&#8221;1.6em&#8221; header_4_font=&#8221;Raleway|700|||||||&#8221; header_4_font_size=&#8221;20px&#8221; header_4_line_height=&#8221;1.4em&#8221; global_colors_info=&#8221;{}&#8221;]<\/p>\n<ul>\n<li><b>LOCALIT\u00c0<br \/><\/b>Mu\u00f1ique \u2013 Lanzarote<\/li>\n<li><b>CAPACIT\u00c0<br \/><\/b>2 persone<\/li>\n<li><b>AREA PRIVATA<br \/><\/b>Bagno privato<\/li>\n<li><b>AREE CONDIVISE<br \/><\/b>Lounge<br \/>Sala da pranzo<br \/>Terrazza<br \/>Barbeque<br \/>Giardino<\/li>\n<\/ul>\n<p>[\/et_pb_text][\/et_pb_column][et_pb_column type=&#8221;1_3&#8243; _builder_version=&#8221;4.19.5&#8243; custom_padding=&#8221;|||&#8221; custom_padding_tablet=&#8221;|||20px|false|false&#8221; custom_padding_phone=&#8221;|||20px|false|false&#8221; custom_padding_last_edited=&#8221;on|phone&#8221; global_colors_info=&#8221;{}&#8221; custom_padding__hover=&#8221;|||&#8221;][et_pb_text _builder_version=&#8221;4.22.2&#8243; text_font_size=&#8221;19px&#8221; text_line_height=&#8221;1.6em&#8221; header_4_font=&#8221;Raleway|700|||||||&#8221; header_4_font_size=&#8221;20px&#8221; header_4_line_height=&#8221;1.4em&#8221; global_colors_info=&#8221;{}&#8221;]<\/p>\n<ul>\n<li><b>INTERNET<br \/><\/b>Wi-Fi gratis<\/li>\n<li><b>SERVIZI (a richiesta)<br \/><\/b>Custodia bagaglio<br \/>Transfert aeroporto<br \/>Noleggio biciclette<\/li>\n<li><b>PULIZIA<\/b><\/li>\n<li>Servizio giornaliero<\/li>\n<li><b>ANIMALI DOMESTICI<br \/><\/b>Non ammessi<\/li>\n<\/ul>\n<p>[\/et_pb_text][\/et_pb_column][et_pb_column type=&#8221;1_3&#8243; _builder_version=&#8221;4.19.5&#8243; custom_padding=&#8221;|12px|||false|false&#8221; custom_padding_tablet=&#8221;|||20px|false|false&#8221; custom_padding_phone=&#8221;|12px||20px|false|false&#8221; custom_padding_last_edited=&#8221;on|phone&#8221; global_colors_info=&#8221;{}&#8221; custom_padding__hover=&#8221;|||&#8221;][et_pb_text _builder_version=&#8221;4.19.5&#8243; text_font_size=&#8221;19px&#8221; text_line_height=&#8221;1.6em&#8221; header_4_font=&#8221;Raleway|700|||||||&#8221; header_4_font_size=&#8221;20px&#8221; header_4_line_height=&#8221;1.4em&#8221; global_colors_info=&#8221;{}&#8221;]<\/p>\n<ul>\n<li><b>FUMATORI<br \/><\/b>Non \u00e8 permesso fumare in casa<\/li>\n<li><b>CIBO E BEVANDE (A richiesta)<br \/><\/b>Men\u00fa dietetici<br \/>Colazione in camera<br \/>pranzo al sacco<\/li>\n<li><b>LINGUE<br \/><\/b>Italiano, Espa\u00f1ol, English<\/li>\n<li><b>PREZZO<br \/><\/b>Da 99 \u20ac a notte<\/li>\n<\/ul>\n<p>[\/et_pb_text][\/et_pb_column][\/et_pb_row][\/et_pb_section][et_pb_section fb_built=&#8221;1&#8243; _builder_version=&#8221;4.22.2&#8243; _module_preset=&#8221;default&#8221; background_enable_color=&#8221;off&#8221; custom_padding=&#8221;3px||3px||true|false&#8221; global_colors_info=&#8221;{}&#8221;][et_pb_row _builder_version=&#8221;4.19.5&#8243; _module_preset=&#8221;default&#8221; global_colors_info=&#8221;{}&#8221;][et_pb_column type=&#8221;4_4&#8243; _builder_version=&#8221;4.19.5&#8243; _module_preset=&#8221;default&#8221; global_colors_info=&#8221;{}&#8221;][et_pb_text _builder_version=&#8221;4.22.2&#8243; text_font=&#8221;||||||||&#8221; text_text_color=&#8221;gcid-14288038-400c-45a9-8d7d-5fe611f009c6&#8243; text_font_size=&#8221;23px&#8221; text_line_height=&#8221;1.5em&#8221; header_font=&#8221;||||||||&#8221; header_2_font=&#8221;Raleway|700|||||||&#8221; header_2_font_size=&#8221;50px&#8221; header_2_line_height=&#8221;1.2em&#8221; header_3_font=&#8221;|700||||on|||&#8221; header_3_text_color=&#8221;gcid-acf2baa2-e0bd-4c73-bc85-2627b6493275&#8243; header_3_font_size=&#8221;30px&#8221; header_6_font=&#8221;Raleway|700||on|||||&#8221; header_6_font_size=&#8221;16px&#8221; header_6_letter_spacing=&#8221;5px&#8221; header_6_line_height=&#8221;1.2em&#8221; max_width_last_edited=&#8221;off|desktop&#8221; text_font_size_tablet=&#8221;16px&#8221; text_font_size_phone=&#8221;19px&#8221; text_font_size_last_edited=&#8221;on|phone&#8221; text_line_height_tablet=&#8221;&#8221; text_line_height_phone=&#8221;1.6em&#8221; text_line_height_last_edited=&#8221;on|phone&#8221; header_2_font_size_tablet=&#8221;35px&#8221; header_2_font_size_phone=&#8221;25px&#8221; header_2_font_size_last_edited=&#8221;on|phone&#8221; global_colors_info=&#8221;{%22gcid-14288038-400c-45a9-8d7d-5fe611f009c6%22:%91%22text_text_color%22%93,%22gcid-acf2baa2-e0bd-4c73-bc85-2627b6493275%22:%91%22header_3_text_color%22%93}&#8221;]<\/p>\n<h3>Servizi<\/h3>\n<p>Conessione a internet, Wi-Fi gratis disponibile in tutta la casa.<br \/>Servizio di reception e custodia bagaglio. Pulizia giornaliera delle stanze e del bagno<br \/>a richiesta \u00e8 possibile fare colazione in stanza, men\u00f9 dietetico e pranzo al sacco.<br \/>Anche se amiamo gli animali, purtroppo gli animali non sono ammessi nella nostra casa vacanze. Non disponiamo di parcheggio privato, per\u00f2 la zona \u00e8 molto tranquilla e non esistono problemi di parcheggio fuori dalla casa. Negli interni non \u00e8 permesso fumare.<\/p>\n<h3>Zone comuni<\/h3>\n<p>Gli ospiti delle nostre stanze possono godere di<span class=\"s1\">:<\/span><\/p>\n<ul>\n<li class=\"p1\">salone<\/li>\n<li class=\"p1\">sala da pranzo<\/li>\n<li class=\"p1\">terrazza<\/li>\n<li class=\"p1\">barbeque<\/li>\n<li class=\"p1\">giardini che circondano la casa.<\/li>\n<\/ul>\n<h3>Attivit\u00e0<\/h3>\n<p>Dalla nostra casa vacanze e bed and breakfast a Lanzarote partono diversi sentieri escursionistici che attraversano la Riserva Naturale di El Jable, per raggiungere diversi punti di interesse della zona: Tinajo, La Santa, Caleta Caballo, Soo.<br \/>Si possono affittare biciclette. A pochi km \u00e8 possibile praticare sport a contatto con la natura, ciclismo, surf, paddle, SUP, parapendio, nuoto, kitesurf, windsurf.<\/p>\n<h3>Spiagge<\/h3>\n<p>Lanzarote \u00e8 circondata da meravigliose spiagge, alcune di sabbia nera altre di sabbia bianca e fina e per gli amanti della roccia ci sono molte scogliere dove passare momenti in totale tranquillit\u00e0.<br \/>La spiaggia pi\u00f9 vicina al nostro bed and breakfast \u00e8 a soli 6 km, la spiaggia di Famara&#8230;.<\/p>\n<p>[\/et_pb_text][\/et_pb_column][\/et_pb_row][et_pb_row _builder_version=&#8221;4.19.5&#8243; _module_preset=&#8221;default&#8221; global_colors_info=&#8221;{}&#8221;][et_pb_column type=&#8221;4_4&#8243; _builder_version=&#8221;4.19.5&#8243; _module_preset=&#8221;default&#8221; global_colors_info=&#8221;{}&#8221;][et_pb_cta title=&#8221;Contatti&#8221; button_url=&#8221;https:\/\/wa.me\/+34642782539&#8243; button_text=&#8221;Invia un WhatsApp!&#8221; _builder_version=&#8221;4.22.2&#8243; _module_preset=&#8221;default&#8221; header_level=&#8221;h4&#8243; header_font=&#8221;|||||on|||&#8221; header_font_size=&#8221;42px&#8221; body_text_color=&#8221;gcid-14288038-400c-45a9-8d7d-5fe611f009c6&#8243; body_font_size=&#8221;23px&#8221; body_line_height=&#8221;1.6em&#8221; background_color=&#8221;gcid-acf2baa2-e0bd-4c73-bc85-2627b6493275&#8243; custom_button=&#8221;on&#8221; button_text_color=&#8221;gcid-acf2baa2-e0bd-4c73-bc85-2627b6493275&#8243; button_bg_color=&#8221;gcid-14288038-400c-45a9-8d7d-5fe611f009c6&#8243; button_border_width=&#8221;5px&#8221; button_border_color=&#8221;#FFFFFF&#8221; button_font=&#8221;|600|||||||&#8221; button_alignment=&#8221;center&#8221; custom_padding=&#8221;|120px||120px|false|true&#8221; custom_padding_tablet=&#8221;|120px||120px|false|true&#8221; custom_padding_phone=&#8221;|20px||20px|false|true&#8221; custom_padding_last_edited=&#8221;on|phone&#8221; body_line_height_tablet=&#8221;&#8221; body_line_height_phone=&#8221;1.4em&#8221; body_line_height_last_edited=&#8221;on|phone&#8221; border_radii=&#8221;on|48px|48px|48px|48px&#8221; global_colors_info=&#8221;{%22gcid-acf2baa2-e0bd-4c73-bc85-2627b6493275%22:%91%22background_color%22,%22button_text_color%22%93,%22gcid-14288038-400c-45a9-8d7d-5fe611f009c6%22:%91%22body_text_color%22,%22button_bg_color%22%93}&#8221;]<\/p>\n<p><span>Se desidera maggiori informazioni su disponibilit\u00e0 e prezzo delle camere in affitto a Lanzarote, ci contatti, saremo lieti di aiutarla.<\/span><\/p>\n<p>[\/et_pb_cta][\/et_pb_column][\/et_pb_row][\/et_pb_section][et_pb_section fb_built=&#8221;1&#8243; admin_label=&#8221;Testimonials&#8221; _builder_version=&#8221;4.19.5&#8243; use_background_color_gradient=&#8221;on&#8221; background_color_gradient_stops=&#8221;rgba(106,125,140,0.5) 0%|#d1b245 99%&#8221; background_color_gradient_overlays_image=&#8221;on&#8221; background_color_gradient_start=&#8221;rgba(106,125,140,0.5)&#8221; background_color_gradient_end=&#8221;#6a7d8c&#8221; background_image=&#8221;https:\/\/www.bedandbreakfastlanzarote.es\/wp-content\/uploads\/2023\/09\/IMG_8585-scaled-1.jpg&#8221; custom_padding=&#8221;3vw|0px|3vw|0px|true|false&#8221; background_last_edited=&#8221;on|desktop&#8221; use_background_color_gradient_phone=&#8221;on&#8221; background_color_gradient_stops_phone=&#8221;rgba(106,125,140,0.5) 50%|#d1b245 100%&#8221; background_position_phone=&#8221;center&#8221; locked=&#8221;off&#8221; global_colors_info=&#8221;{}&#8221;][et_pb_row _builder_version=&#8221;4.16&#8243; global_colors_info=&#8221;{}&#8221;][et_pb_column type=&#8221;4_4&#8243; _builder_version=&#8221;4.16&#8243; custom_padding=&#8221;|||&#8221; global_colors_info=&#8221;{}&#8221; custom_padding__hover=&#8221;|||&#8221;][et_pb_testimonial author=&#8221;Carlotta&#8221; job_title=&#8221;Italia&#8221; company_name=&#8221;9\/10&#8243; portrait_url=&#8221;https:\/\/www.bedandbreakfastlanzarote.es\/wp-content\/uploads\/2023\/10\/Bed-and-Breakfast-Lanzarote-Reviews.png&#8221; quote_icon=&#8221;off&#8221; portrait_width=&#8221;60px&#8221; portrait_height=&#8221;60px&#8221; _builder_version=&#8221;4.22.2&#8243; body_font=&#8221;Raleway||on||||||&#8221; body_font_size=&#8221;19px&#8221; body_line_height=&#8221;1.4em&#8221; author_font=&#8221;|700||||on|||&#8221; author_font_size=&#8221;19px&#8221; position_font_size=&#8221;16px&#8221; background_color=&#8221;rgba(239,239,239,0.04)&#8221; background_layout=&#8221;dark&#8221; max_width=&#8221;600px&#8221; module_alignment=&#8221;center&#8221; animation_direction=&#8221;bottom&#8221; border_radii_portrait=&#8221;on|9px|9px|9px|9px&#8221; border_color_all_portrait=&#8221;RGBA(255,255,255,0)&#8221; border_style_all_portrait=&#8221;none&#8221; global_colors_info=&#8221;{}&#8221;]<\/p>\n<p><span>Villa El Jable si trova ai confini di un piccolo paesino dell&#8217;entroterra di Lanzarote in vista del bellissimo panorama della falesia del Risco de Famara.<br \/>La struttura conserva il calore di una casa tipica, con salotto a disposizione degli ospiti e veranda per fare colazione. La nostra camera era pulitissima e molto confortevole, con armadio, appendiabiti e piani di appoggio. Il nostro bagno privato era esterno alla camera ma allo stesso modo pulito, ampio e confortevole.<br \/>La colazione che viene offerta \u00e8 semplice e sana e viene consumata nella veranda. Paola e Stefano sono molto accoglienti e sanno dare ottimi suggerimenti su come muoversi sull&#8217;isola. Consigliato per chi cerca un posto tranquillo.<br \/>Ottima base per fare escursioni in tutta l&#8217;isola.<\/span><\/p>\n<p>[\/et_pb_testimonial][et_pb_testimonial author=&#8221;Lara&#8221; job_title=&#8221;Germania&#8221; company_name=&#8221;10\/10&#8243; portrait_url=&#8221;https:\/\/www.bedandbreakfastlanzarote.es\/wp-content\/uploads\/2023\/10\/Bed-and-Breakfast-Lanzarote-Reviews.png&#8221; quote_icon=&#8221;off&#8221; portrait_width=&#8221;60px&#8221; portrait_height=&#8221;60px&#8221; _builder_version=&#8221;4.22.2&#8243; body_font=&#8221;Raleway||on||||||&#8221; body_font_size=&#8221;19px&#8221; body_line_height=&#8221;1.4em&#8221; author_font=&#8221;|700||||on|||&#8221; author_font_size=&#8221;19px&#8221; position_font_size=&#8221;16px&#8221; background_color=&#8221;rgba(239,239,239,0.04)&#8221; background_layout=&#8221;dark&#8221; max_width=&#8221;600px&#8221; module_alignment=&#8221;center&#8221; animation_direction=&#8221;bottom&#8221; border_radii_portrait=&#8221;on|9px|9px|9px|9px&#8221; border_color_all_portrait=&#8221;RGBA(255,255,255,0)&#8221; border_style_all_portrait=&#8221;none&#8221; locked=&#8221;off&#8221; global_colors_info=&#8221;{}&#8221;]<\/p>\n<p><span>I had a lovely, quiet time close to Famara beach which i was able to see from my window. The room had a great size, everything was clean and got cleaned every day and I liked the bed a lot \ud83d\ude42<br \/>Paola welcomed me really kind and friendly so i immediately felt comfortable. Our communication before went nice and helpful and having little chats inbetween was cheerful as well. I liked the original style, our own, cozy common area and making use of a fridge when we needed to put things in there.<br \/>I liked the little town Mu\u00f1ique and the short distance to the beach, Teguise or even Arrecife. I totally recommend this nice hotel and would come back! I wish Paola and her family all the best.<\/span><\/p>\n<p>[\/et_pb_testimonial][et_pb_testimonial author=&#8221;Rita&#8221; job_title=&#8221;Francia&#8221; company_name=&#8221;10\/10&#8243; portrait_url=&#8221;https:\/\/www.bedandbreakfastlanzarote.es\/wp-content\/uploads\/2023\/10\/Bed-and-Breakfast-Lanzarote-Reviews.png&#8221; quote_icon=&#8221;off&#8221; portrait_width=&#8221;60px&#8221; portrait_height=&#8221;60px&#8221; _builder_version=&#8221;4.22.2&#8243; body_font=&#8221;Raleway||on||||||&#8221; body_font_size=&#8221;19px&#8221; body_line_height=&#8221;1.4em&#8221; author_font=&#8221;|700||||on|||&#8221; author_font_size=&#8221;19px&#8221; position_font_size=&#8221;16px&#8221; background_color=&#8221;rgba(239,239,239,0.04)&#8221; background_layout=&#8221;dark&#8221; max_width=&#8221;600px&#8221; module_alignment=&#8221;center&#8221; animation_direction=&#8221;bottom&#8221; border_radii_portrait=&#8221;on|9px|9px|9px|9px&#8221; border_color_all_portrait=&#8221;RGBA(255,255,255,0)&#8221; border_style_all_portrait=&#8221;none&#8221; locked=&#8221;off&#8221; global_colors_info=&#8221;{}&#8221;]<\/p>\n<p><span>Paola was a fantastic host, and the house was very clean and very cosy. Great location for an easy travel through Lanzarote!<\/span><\/p>\n<p>[\/et_pb_testimonial][\/et_pb_column][\/et_pb_row][\/et_pb_section]<\/p>\n","protected":false},"excerpt":{"rendered":"<p>Camera privataAMARILLACamera giallaDisponibile per due personeDisponibile in affitto per due persone in uno degli angoli pi\u00f9 belli di Lanzarote. Dispone di: 2 letti singoli bagno privato Televisore LED armadio finestra sul mare, sull&#8217;arcipelago Chinijo e sui villaggi di Soo, La Santa e Caleta de Caballo. LOCALIT\u00c0Mu\u00f1ique \u2013 Lanzarote CAPACIT\u00c02 persone AREA PRIVATABagno privato AREE CONDIVISELoungeSala [&hellip;]<\/p>\n","protected":false},"author":1,"featured_media":0,"parent":0,"menu_order":0,"comment_status":"closed","ping_status":"closed","template":"","meta":{"_et_pb_use_builder":"on","_et_pb_old_content":"","_et_gb_content_width":"","footnotes":""},"class_list":["post-4092","page","type-page","status-publish","hentry"],"yoast_head":"<!-- This site is optimized with the Yoast SEO plugin v26.2 - https:\/\/yoast.com\/wordpress\/plugins\/seo\/ -->\n<title>Camera Amarilla - Villa el Jable Lanzarote<\/title>\n<meta name=\"robots\" content=\"index, follow, max-snippet:-1, max-image-preview:large, max-video-preview:-1\" \/>\n<link rel=\"canonical\" href=\"https:\/\/www.bedandbreakfastlanzarote.es\/it\/camera-amarilla\/\" \/>\n<meta property=\"og:locale\" content=\"it_IT\" \/>\n<meta property=\"og:type\" content=\"article\" \/>\n<meta property=\"og:title\" content=\"Camera Amarilla - Villa el Jable Lanzarote\" \/>\n<meta property=\"og:description\" content=\"Camera privataAMARILLACamera giallaDisponibile per due personeDisponibile in affitto per due persone in uno degli angoli pi\u00f9 belli di Lanzarote. Dispone di: 2 letti singoli bagno privato Televisore LED armadio finestra sul mare, sull&#039;arcipelago Chinijo e sui villaggi di Soo, La Santa e Caleta de Caballo. LOCALIT\u00c0Mu\u00f1ique \u2013 Lanzarote CAPACIT\u00c02 persone AREA PRIVATABagno privato AREE CONDIVISELoungeSala [&hellip;]\" \/>\n<meta property=\"og:url\" content=\"https:\/\/www.bedandbreakfastlanzarote.es\/it\/camera-amarilla\/\" \/>\n<meta property=\"og:site_name\" content=\"Villa el Jable Lanzarote\" \/>\n<meta property=\"article:modified_time\" content=\"2024-01-22T18:16:08+00:00\" \/>\n<meta name=\"twitter:card\" content=\"summary_large_image\" \/>\n<meta name=\"twitter:label1\" content=\"Tempo di lettura stimato\" \/>\n\t<meta name=\"twitter:data1\" content=\"15 minuti\" \/>\n<script type=\"application\/ld+json\" class=\"yoast-schema-graph\">{\"@context\":\"https:\/\/schema.org\",\"@graph\":[{\"@type\":\"WebPage\",\"@id\":\"https:\/\/www.bedandbreakfastlanzarote.es\/it\/camera-amarilla\/\",\"url\":\"https:\/\/www.bedandbreakfastlanzarote.es\/it\/camera-amarilla\/\",\"name\":\"Camera Amarilla - Villa el Jable Lanzarote\",\"isPartOf\":{\"@id\":\"https:\/\/www.bedandbreakfastlanzarote.es\/it\/#website\"},\"datePublished\":\"2023-10-05T10:07:29+00:00\",\"dateModified\":\"2024-01-22T18:16:08+00:00\",\"breadcrumb\":{\"@id\":\"https:\/\/www.bedandbreakfastlanzarote.es\/it\/camera-amarilla\/#breadcrumb\"},\"inLanguage\":\"it-IT\",\"potentialAction\":[{\"@type\":\"ReadAction\",\"target\":[\"https:\/\/www.bedandbreakfastlanzarote.es\/it\/camera-amarilla\/\"]}]},{\"@type\":\"BreadcrumbList\",\"@id\":\"https:\/\/www.bedandbreakfastlanzarote.es\/it\/camera-amarilla\/#breadcrumb\",\"itemListElement\":[{\"@type\":\"ListItem\",\"position\":1,\"name\":\"Portada\",\"item\":\"https:\/\/www.bedandbreakfastlanzarote.es\/it\/\"},{\"@type\":\"ListItem\",\"position\":2,\"name\":\"Camera Amarilla\"}]},{\"@type\":\"WebSite\",\"@id\":\"https:\/\/www.bedandbreakfastlanzarote.es\/it\/#website\",\"url\":\"https:\/\/www.bedandbreakfastlanzarote.es\/it\/\",\"name\":\"Villa el Jable Lanzarote\",\"description\":\"Bed and breakfast Lanzarote - Habitaciones en alquiler en Lanzarote\",\"potentialAction\":[{\"@type\":\"SearchAction\",\"target\":{\"@type\":\"EntryPoint\",\"urlTemplate\":\"https:\/\/www.bedandbreakfastlanzarote.es\/it\/?s={search_term_string}\"},\"query-input\":{\"@type\":\"PropertyValueSpecification\",\"valueRequired\":true,\"valueName\":\"search_term_string\"}}],\"inLanguage\":\"it-IT\"}]}<\/script>\n<!-- \/ Yoast SEO plugin. -->","yoast_head_json":{"title":"Camera Amarilla - Villa el Jable Lanzarote","robots":{"index":"index","follow":"follow","max-snippet":"max-snippet:-1","max-image-preview":"max-image-preview:large","max-video-preview":"max-video-preview:-1"},"canonical":"https:\/\/www.bedandbreakfastlanzarote.es\/it\/camera-amarilla\/","og_locale":"it_IT","og_type":"article","og_title":"Camera Amarilla - Villa el Jable Lanzarote","og_description":"Camera privataAMARILLACamera giallaDisponibile per due personeDisponibile in affitto per due persone in uno degli angoli pi\u00f9 belli di Lanzarote. Dispone di: 2 letti singoli bagno privato Televisore LED armadio finestra sul mare, sull'arcipelago Chinijo e sui villaggi di Soo, La Santa e Caleta de Caballo. LOCALIT\u00c0Mu\u00f1ique \u2013 Lanzarote CAPACIT\u00c02 persone AREA PRIVATABagno privato AREE CONDIVISELoungeSala [&hellip;]","og_url":"https:\/\/www.bedandbreakfastlanzarote.es\/it\/camera-amarilla\/","og_site_name":"Villa el Jable Lanzarote","article_modified_time":"2024-01-22T18:16:08+00:00","twitter_card":"summary_large_image","twitter_misc":{"Tempo di lettura stimato":"15 minuti"},"schema":{"@context":"https:\/\/schema.org","@graph":[{"@type":"WebPage","@id":"https:\/\/www.bedandbreakfastlanzarote.es\/it\/camera-amarilla\/","url":"https:\/\/www.bedandbreakfastlanzarote.es\/it\/camera-amarilla\/","name":"Camera Amarilla - Villa el Jable Lanzarote","isPartOf":{"@id":"https:\/\/www.bedandbreakfastlanzarote.es\/it\/#website"},"datePublished":"2023-10-05T10:07:29+00:00","dateModified":"2024-01-22T18:16:08+00:00","breadcrumb":{"@id":"https:\/\/www.bedandbreakfastlanzarote.es\/it\/camera-amarilla\/#breadcrumb"},"inLanguage":"it-IT","potentialAction":[{"@type":"ReadAction","target":["https:\/\/www.bedandbreakfastlanzarote.es\/it\/camera-amarilla\/"]}]},{"@type":"BreadcrumbList","@id":"https:\/\/www.bedandbreakfastlanzarote.es\/it\/camera-amarilla\/#breadcrumb","itemListElement":[{"@type":"ListItem","position":1,"name":"Portada","item":"https:\/\/www.bedandbreakfastlanzarote.es\/it\/"},{"@type":"ListItem","position":2,"name":"Camera Amarilla"}]},{"@type":"WebSite","@id":"https:\/\/www.bedandbreakfastlanzarote.es\/it\/#website","url":"https:\/\/www.bedandbreakfastlanzarote.es\/it\/","name":"Villa el Jable Lanzarote","description":"Bed and breakfast Lanzarote - Habitaciones en alquiler en Lanzarote","potentialAction":[{"@type":"SearchAction","target":{"@type":"EntryPoint","urlTemplate":"https:\/\/www.bedandbreakfastlanzarote.es\/it\/?s={search_term_string}"},"query-input":{"@type":"PropertyValueSpecification","valueRequired":true,"valueName":"search_term_string"}}],"inLanguage":"it-IT"}]}},"jetpack_sharing_enabled":true,"_links":{"self":[{"href":"https:\/\/www.bedandbreakfastlanzarote.es\/it\/wp-json\/wp\/v2\/pages\/4092","targetHints":{"allow":["GET"]}}],"collection":[{"href":"https:\/\/www.bedandbreakfastlanzarote.es\/it\/wp-json\/wp\/v2\/pages"}],"about":[{"href":"https:\/\/www.bedandbreakfastlanzarote.es\/it\/wp-json\/wp\/v2\/types\/page"}],"author":[{"embeddable":true,"href":"https:\/\/www.bedandbreakfastlanzarote.es\/it\/wp-json\/wp\/v2\/users\/1"}],"replies":[{"embeddable":true,"href":"https:\/\/www.bedandbreakfastlanzarote.es\/it\/wp-json\/wp\/v2\/comments?post=4092"}],"version-history":[{"count":30,"href":"https:\/\/www.bedandbreakfastlanzarote.es\/it\/wp-json\/wp\/v2\/pages\/4092\/revisions"}],"predecessor-version":[{"id":5466,"href":"https:\/\/www.bedandbreakfastlanzarote.es\/it\/wp-json\/wp\/v2\/pages\/4092\/revisions\/5466"}],"wp:attachment":[{"href":"https:\/\/www.bedandbreakfastlanzarote.es\/it\/wp-json\/wp\/v2\/media?parent=4092"}],"curies":[{"name":"wp","href":"https:\/\/api.w.org\/{rel}","templated":true}]}}